{"id":11495,"date":"2024-03-20T14:28:21","date_gmt":"2025-01-27T07:20:10","guid":{"rendered":"https:\/\/avesgams.org\/producto\/grupo-de-filosofia-practica-y-espiritualidad\/"},"modified":"2025-06-20T08:23:18","modified_gmt":"2025-06-20T08:23:18","slug":"grupo-de-filosofia-practica-y-espiritualidad","status":"publish","type":"product","link":"https:\/\/avesgams.org\/es\/producto\/grupo-de-filosofia-practica-y-espiritualidad\/","title":{"rendered":"Grupo de filosof\u00eda pr\u00e1ctica y espiritualidad"},"content":{"rendered":"<blockquote><p>Nuestra \u00e9poca se presenta en un marco hist\u00f3rico que se\u00f1ala una <strong>realidad plural y una cultura polif\u00f3nica<\/strong>. Desde este escenario y de la mano de algunos de los pensadores m\u00e1s paradigm\u00e1ticos, <strong>reflexionaremos y pensaremos<\/strong> cu\u00e1les son los recursos esenciales que nos permitir\u00e1n afrontar <strong>la realidad y nuestra propia existencia<\/strong>.<\/p>\n<p>La metodolog\u00eda que seguiremos tiene como objetivo activar nuestra capacidad cr\u00edtica y situarnos en un espacio abierto y libre que nos ayudar\u00e1 a <strong>entender y a querer, desde un \u00e1mbito nuevo, nuestra condici\u00f3n humana.<\/strong><\/p><\/blockquote>\n<h3>HORARIO<\/h3>\n<p>Lunes cada quince d\u00edas de 17.30h a 19h<\/p>\n<p>Actividad de febrero a junio. <a href=\"https:\/\/avesgams.org\/es\/#calendari\">Consulta el calendario para conocer la programaci\u00f3n.<\/a><\/p>\n<h3>APORTACI\u00d3N<\/h3>\n<p>10\u20ac sesi\u00f3n<\/p>\n<p>&nbsp;<\/p>\n","protected":false},"excerpt":{"rendered":"<h2 style=\"font-size: 21px;\"><strong><em>EL SER HUMANO. EVOLUCI\u00d3N TRANSFORMACI\u00d3N Y ESPIRITUALIDAD <\/em><\/strong><\/h2>\n<p><strong>De la mano de la profesora de Universidad Carmen Dan\u00e8s iniciamos este NUEVO GRUPO TRIMESTRAL.<\/strong><\/p>\n<p>Para asistir a este taller <strong>no es necesario tener ning\u00fan conocimiento previo de filosof\u00eda. <\/strong> Es un taller abierto a cualquier persona y para quien quiera compartir y profundizar sobre experiencias vivenciales de la mano del pensamiento de hoy.<\/p>\n","protected":false},"featured_media":9389,"comment_status":"closed","ping_status":"closed","template":"","meta":{"_et_pb_use_builder":"","_et_pb_old_content":"","_et_gb_content_width":""},"product_cat":[206],"product_tag":[],"class_list":{"0":"post-11495","1":"product","2":"type-product","3":"status-publish","4":"has-post-thumbnail","6":"product_cat-actividad","8":"first","9":"instock","10":"shipping-taxable","11":"purchasable","12":"product-type-variable"},"_links":{"self":[{"href":"https:\/\/avesgams.org\/es\/wp-json\/wp\/v2\/product\/11495","targetHints":{"allow":["GET"]}}],"collection":[{"href":"https:\/\/avesgams.org\/es\/wp-json\/wp\/v2\/product"}],"about":[{"href":"https:\/\/avesgams.org\/es\/wp-json\/wp\/v2\/types\/product"}],"replies":[{"embeddable":true,"href":"https:\/\/avesgams.org\/es\/wp-json\/wp\/v2\/comments?post=11495"}],"wp:featuredmedia":[{"embeddable":true,"href":"https:\/\/avesgams.org\/es\/wp-json\/wp\/v2\/media\/9389"}],"wp:attachment":[{"href":"https:\/\/avesgams.org\/es\/wp-json\/wp\/v2\/media?parent=11495"}],"wp:term":[{"taxonomy":"product_cat","embeddable":true,"href":"https:\/\/avesgams.org\/es\/wp-json\/wp\/v2\/product_cat?post=11495"},{"taxonomy":"product_tag","embeddable":true,"href":"https:\/\/avesgams.org\/es\/wp-json\/wp\/v2\/product_tag?post=11495"}],"curies":[{"name":"wp","href":"https:\/\/api.w.org\/{rel}","templated":true}]}}