{"id":9887,"date":"2024-03-06T14:57:03","date_gmt":"2024-03-06T14:57:03","guid":{"rendered":"https:\/\/avesgams.org\/mapa-del-sitio-web\/"},"modified":"2024-03-06T14:57:06","modified_gmt":"2024-03-06T14:57:06","slug":"mapa-del-sitio-web","status":"publish","type":"page","link":"https:\/\/avesgams.org\/es\/mapa-del-sitio-web\/","title":{"rendered":"Mapa del sitio web"},"content":{"rendered":"<p>[et_pb_section fb_built=\u00bb1&#8243; theme_builder_area=\u00bbpost_content\u00bb _builder_version=\u00bb4.24.0&#8243; _module_preset=\u00bbdefault\u00bb][et_pb_row _builder_version=\u00bb4.24.0&#8243; _module_preset=\u00bbdefault\u00bb theme_builder_area=\u00bbpost_content\u00bb][et_pb_column _builder_version=\u00bb4.24.0&#8243; _module_preset=\u00bbdefault\u00bb type=\u00bb4_4&#8243; theme_builder_area=\u00bbpost_content\u00bb][et_pb_text _builder_version=\u00bb4.24.0&#8243; _module_preset=\u00bbdefault\u00bb theme_builder_area=\u00bbpost_content\u00bb hover_enabled=\u00bb0&#8243; sticky_enabled=\u00bb0&#8243;]<\/p>\n<h1>Mapa del sitio web<\/h1>\n<p><div class=\"rank-math-html-sitemap\"><div class=\"rank-math-html-sitemap__section rank-math-html-sitemap__section--post-type rank-math-html-sitemap__section--post\"><h2 class=\"rank-math-html-sitemap__title\">Entradas<\/h2><ul class=\"rank-math-html-sitemap__list\"><li class=\"rank-math-html-sitemap__item\"><a href=\"https:\/\/avesgams.org\/2026\/04\/15\/comenca-una-nova-edicio-de-la-formacio-basica-dacompanyament-en-el-dol-i-les-perdues\/\" class=\"rank-math-html-sitemap__link\">Comen\u00e7a una nova edici\u00f3 de la Formaci\u00f3 B\u00e0sica d\u2019Acompanyament en el Dol i les P\u00e8rdues<\/a> <span class=\"rank-math-html-sitemap__date\">(15\/04\/2026)<\/span><\/li><li class=\"rank-math-html-sitemap__item\"><a href=\"https:\/\/avesgams.org\/2026\/03\/17\/en-record-de-la-teresa\/\" class=\"rank-math-html-sitemap__link\">En record de la Teresa<\/a> <span class=\"rank-math-html-sitemap__date\">(17\/03\/2026)<\/span><\/li><li class=\"rank-math-html-sitemap__item\"><a href=\"https:\/\/avesgams.org\/2026\/03\/13\/conviure-persona-dol\/\" class=\"rank-math-html-sitemap__link\">Conviure amb una persona en dol: com podem acompanyar sense fer mal<\/a> <span class=\"rank-math-html-sitemap__date\">(13\/03\/2026)<\/span><\/li><li class=\"rank-math-html-sitemap__item\"><a href=\"https:\/\/avesgams.org\/2026\/03\/09\/presentacio-no-hi-ha-paraules-francesc-torralba\/\" class=\"rank-math-html-sitemap__link\">El dol com a cam\u00ed: una trobada al voltant de No hi ha paraules, de Francesc Torralba<\/a> <span class=\"rank-math-html-sitemap__date\">(09\/03\/2026)<\/span><\/li><li class=\"rank-math-html-sitemap__item\"><a href=\"https:\/\/avesgams.org\/2026\/02\/25\/cadira-buida-dol-significat-absencia\/\" class=\"rank-math-html-sitemap__link\">La cadira buida: fer espai a l\u2019abs\u00e8ncia<\/a> <span class=\"rank-math-html-sitemap__date\">(25\/02\/2026)<\/span><\/li><li class=\"rank-math-html-sitemap__item\"><a href=\"https:\/\/avesgams.org\/2026\/02\/04\/grup-ajuda-mutua-adolescents-dol\/\" class=\"rank-math-html-sitemap__link\">Nou espai per a adolescents en dol<\/a> <span class=\"rank-math-html-sitemap__date\">(04\/02\/2026)<\/span><\/li><li class=\"rank-math-html-sitemap__item\"><a href=\"https:\/\/avesgams.org\/es\/2025\/04\/11\/aves-hemos-participado-en-el-ii-congreso-de-medicina-y-salud-ambiental\/\" class=\"rank-math-html-sitemap__link\">AVES hemos participado en el II Congreso de medicina y salud ambiental<\/a> <span class=\"rank-math-html-sitemap__date\">(11\/04\/2025)<\/span><\/li><li class=\"rank-math-html-sitemap__item\"><a href=\"https:\/\/avesgams.org\/es\/2025\/04\/11\/aves-hemos-participado-en-el-ii-congreso-de-medicina-y-salud-ambiental\/\" class=\"rank-math-html-sitemap__link\">AVES hem participat en el II Congr\u00e9s de medicina i salut ambiental<\/a> <span class=\"rank-math-html-sitemap__date\">(11\/04\/2025)<\/span><\/li><li class=\"rank-math-html-sitemap__item\"><a href=\"https:\/\/avesgams.org\/es\/2024\/05\/15\/aves-hemos-participado-en-el-programa-tercera-era-a-radio-la-marina-fm\/\" class=\"rank-math-html-sitemap__link\">AVES hemos participado en el programa TERCERA ERA a Radio la Marina FM<\/a> <span class=\"rank-math-html-sitemap__date\">(15\/05\/2024)<\/span><\/li><li class=\"rank-math-html-sitemap__item\"><a href=\"https:\/\/avesgams.org\/es\/2024\/05\/15\/aves-hemos-participado-en-el-programa-tercera-era-a-radio-la-marina-fm\/\" class=\"rank-math-html-sitemap__link\">AVES hem participat en el programa TERCERA ERA a R\u00e0dio la Marina FM<\/a> <span class=\"rank-math-html-sitemap__date\">(15\/05\/2024)<\/span><\/li><li class=\"rank-math-html-sitemap__item\"><a href=\"https:\/\/avesgams.org\/es\/2024\/02\/01\/aves-hemos-recibido-el-tercer-premio-del-voluntariado-2023\/\" class=\"rank-math-html-sitemap__link\">AVES hemos recibido el Tercer premio del Voluntariado 2023<\/a> <span class=\"rank-math-html-sitemap__date\">(01\/02\/2024)<\/span><\/li><li class=\"rank-math-html-sitemap__item\"><a href=\"https:\/\/avesgams.org\/es\/2024\/02\/01\/aves-en-llinars-del-valles\/\" class=\"rank-math-html-sitemap__link\">AVES en Llinars del Vall\u00e8s<\/a> <span class=\"rank-math-html-sitemap__date\">(01\/02\/2024)<\/span><\/li><li class=\"rank-math-html-sitemap__item\"><a href=\"https:\/\/avesgams.org\/es\/2024\/02\/01\/aves-agradecemos-los-aces-solidarios-del-trofeo-conde-godo\/\" class=\"rank-math-html-sitemap__link\">AVES agradecemos los aces solidarios del Trofeo Conde God\u00f3<\/a> <span class=\"rank-math-html-sitemap__date\">(01\/02\/2024)<\/span><\/li><li class=\"rank-math-html-sitemap__item\"><a href=\"https:\/\/avesgams.org\/es\/2024\/02\/01\/entrevista-a-adela-torras\/\" class=\"rank-math-html-sitemap__link\">Entrevista a Adela Torras<\/a> <span class=\"rank-math-html-sitemap__date\">(01\/02\/2024)<\/span><\/li><li class=\"rank-math-html-sitemap__item\"><a href=\"https:\/\/avesgams.org\/es\/2024\/02\/01\/aves-hemos-recibido-el-tercer-premio-del-voluntariado-2023\/\" class=\"rank-math-html-sitemap__link\">AVES hem rebut el Tercer premi del Voluntariat 2023<\/a> <span class=\"rank-math-html-sitemap__date\">(31\/01\/2024)<\/span><\/li><li class=\"rank-math-html-sitemap__item\"><a href=\"https:\/\/avesgams.org\/es\/2024\/02\/01\/aves-en-llinars-del-valles\/\" class=\"rank-math-html-sitemap__link\">AVES a Llinars del Vall\u00e8s<\/a> <span class=\"rank-math-html-sitemap__date\">(31\/01\/2024)<\/span><\/li><li class=\"rank-math-html-sitemap__item\"><a href=\"https:\/\/avesgams.org\/es\/2024\/02\/01\/aves-agradecemos-los-aces-solidarios-del-trofeo-conde-godo\/\" class=\"rank-math-html-sitemap__link\">AVES agra\u00efm els Aces Solidaris del Trofeu Conde de God\u00f3<\/a> <span class=\"rank-math-html-sitemap__date\">(31\/01\/2024)<\/span><\/li><li class=\"rank-math-html-sitemap__item\"><a href=\"https:\/\/avesgams.org\/es\/2024\/02\/01\/entrevista-a-adela-torras\/\" class=\"rank-math-html-sitemap__link\">Entrevista a l&#039;Adela Torras<\/a> <span class=\"rank-math-html-sitemap__date\">(31\/01\/2024)<\/span><\/li><li class=\"rank-math-html-sitemap__item\"><a href=\"https:\/\/avesgams.org\/es\/2024\/01\/17\/i-congreso-internacional-de-grupos-de-apoyo\/\" class=\"rank-math-html-sitemap__link\">I Congreso Internacional de grupos de apoyo<\/a> <span class=\"rank-math-html-sitemap__date\">(17\/01\/2024)<\/span><\/li><li class=\"rank-math-html-sitemap__item\"><a href=\"https:\/\/avesgams.org\/es\/2024\/01\/17\/25-aniversario-aves\/\" class=\"rank-math-html-sitemap__link\">25 aniversario AVES<\/a> <span class=\"rank-math-html-sitemap__date\">(17\/01\/2024)<\/span><\/li><li class=\"rank-math-html-sitemap__item\"><a href=\"https:\/\/avesgams.org\/es\/2024\/01\/17\/taller-gratuito-el-arte-de-las-emociones-en-la-escuela-el-turo\/\" class=\"rank-math-html-sitemap__link\">Taller Gratuito \u00abEl Arte de las Emociones\u00bb en la Escuela el Tur\u00f3<\/a> <span class=\"rank-math-html-sitemap__date\">(17\/01\/2024)<\/span><\/li><li class=\"rank-math-html-sitemap__item\"><a href=\"https:\/\/avesgams.org\/es\/2024\/01\/17\/taller-gratuito-el-arte-de-las-emociones-en-la-escuela-el-turo\/\" class=\"rank-math-html-sitemap__link\">Taller Gratu\u00eft \u00abL&#039;Art de les Emocions\u00bb a l&#039;Escola el Tur\u00f3<\/a> <span class=\"rank-math-html-sitemap__date\">(24\/10\/2022)<\/span><\/li><li class=\"rank-math-html-sitemap__item\"><a href=\"https:\/\/avesgams.org\/es\/2024\/01\/17\/25-aniversario-aves\/\" class=\"rank-math-html-sitemap__link\">25\u00e8 aniversari d\u2019AVES<\/a> <span class=\"rank-math-html-sitemap__date\">(13\/02\/2018)<\/span><\/li><li class=\"rank-math-html-sitemap__item\"><a href=\"https:\/\/avesgams.org\/es\/2024\/01\/17\/i-congreso-internacional-de-grupos-de-apoyo\/\" class=\"rank-math-html-sitemap__link\">I Congr\u00e9s Internacional de grups de suport<\/a> <span class=\"rank-math-html-sitemap__date\">(06\/12\/2013)<\/span><\/li><\/ul><\/div><div class=\"rank-math-html-sitemap__section rank-math-html-sitemap__section--post-type rank-math-html-sitemap__section--page\"><h2 class=\"rank-math-html-sitemap__title\">P\u00e1ginas<\/h2><ul class=\"rank-math-html-sitemap__list\"><li class=\"rank-math-html-sitemap__item\"><a href=\"https:\/\/avesgams.org\/es\/accesibilidad\/\" class=\"rank-math-html-sitemap__link\">Accesibilidad<\/a> <span class=\"rank-math-html-sitemap__date\">(21\/06\/2024)<\/span><\/li><li class=\"rank-math-html-sitemap__item\"><a href=\"https:\/\/avesgams.org\/es\/mi-cuenta\/\" class=\"rank-math-html-sitemap__link\">Mi cuenta<\/a> <span class=\"rank-math-html-sitemap__date\">(22\/03\/2024)<\/span><\/li><li class=\"rank-math-html-sitemap__item\"><a href=\"https:\/\/avesgams.org\/es\/confirmar\/\" class=\"rank-math-html-sitemap__link\">Confirmar<\/a> <span class=\"rank-math-html-sitemap__date\">(22\/03\/2024)<\/span><\/li><li class=\"rank-math-html-sitemap__item\"><a href=\"https:\/\/avesgams.org\/es\/carrito\/\" class=\"rank-math-html-sitemap__link\">Carrito<\/a> <span class=\"rank-math-html-sitemap__date\">(22\/03\/2024)<\/span><\/li><li class=\"rank-math-html-sitemap__item\"><a href=\"https:\/\/avesgams.org\/es\/tienda\/\" class=\"rank-math-html-sitemap__link\">Tienda<\/a> <span class=\"rank-math-html-sitemap__date\">(22\/03\/2024)<\/span><\/li><li class=\"rank-math-html-sitemap__item\"><a href=\"https:\/\/avesgams.org\/es\/tienda\/\" class=\"rank-math-html-sitemap__link\">Botiga<\/a> <span class=\"rank-math-html-sitemap__date\">(22\/03\/2024)<\/span><\/li><li class=\"rank-math-html-sitemap__item\"><a href=\"https:\/\/avesgams.org\/es\/accesibilidad\/\" class=\"rank-math-html-sitemap__link\">Accessibilitat<\/a> <span class=\"rank-math-html-sitemap__date\">(20\/03\/2024)<\/span><\/li><li class=\"rank-math-html-sitemap__item\"><a href=\"https:\/\/avesgams.org\/es\/acompanamiento\/\" class=\"rank-math-html-sitemap__link\">Acompa\u00f1amiento<\/a> <span class=\"rank-math-html-sitemap__date\">(13\/03\/2024)<\/span><\/li><li class=\"rank-math-html-sitemap__item\"><a href=\"https:\/\/avesgams.org\/es\/mapa-del-sitio-web\/\" class=\"rank-math-html-sitemap__link\">Mapa del sitio web<\/a> <span class=\"rank-math-html-sitemap__date\">(06\/03\/2024)<\/span><\/li><li class=\"rank-math-html-sitemap__item\"><a href=\"https:\/\/avesgams.org\/es\/mapa-del-sitio-web\/\" class=\"rank-math-html-sitemap__link\">Mapa del lloc web<\/a> <span class=\"rank-math-html-sitemap__date\">(06\/03\/2024)<\/span><\/li><li class=\"rank-math-html-sitemap__item\"><a href=\"https:\/\/avesgams.org\/es\/mi-cuenta\/\" class=\"rank-math-html-sitemap__link\">El meu compte<\/a> <span class=\"rank-math-html-sitemap__date\">(06\/02\/2024)<\/span><\/li><li class=\"rank-math-html-sitemap__item\"><a href=\"https:\/\/avesgams.org\/es\/confirmar\/\" class=\"rank-math-html-sitemap__link\">Finalitzar comanda<\/a> <span class=\"rank-math-html-sitemap__date\">(06\/02\/2024)<\/span><\/li><li class=\"rank-math-html-sitemap__item\"><a href=\"https:\/\/avesgams.org\/es\/carrito\/\" class=\"rank-math-html-sitemap__link\">Cistella<\/a> <span class=\"rank-math-html-sitemap__date\">(06\/02\/2024)<\/span><\/li><li class=\"rank-math-html-sitemap__item\"><a href=\"https:\/\/avesgams.org\/es\/politica-de-cookies\/\" class=\"rank-math-html-sitemap__link\">Pol\u00edtica de cookies<\/a> <span class=\"rank-math-html-sitemap__date\">(16\/01\/2024)<\/span><\/li><li class=\"rank-math-html-sitemap__item\"><a href=\"https:\/\/avesgams.org\/es\/politica-de-cookies\/\" class=\"rank-math-html-sitemap__link\">Pol\u00edtica de cookies<\/a> <span class=\"rank-math-html-sitemap__date\">(29\/09\/2023)<\/span><\/li><li class=\"rank-math-html-sitemap__item\"><a href=\"https:\/\/avesgams.org\/es\/ultimas-noticias\/\" class=\"rank-math-html-sitemap__link\">\u00daltimas noticias<\/a> <span class=\"rank-math-html-sitemap__date\">(29\/09\/2023)<\/span><\/li><li class=\"rank-math-html-sitemap__item\"><a href=\"https:\/\/avesgams.org\/es\/talleres-para-centros-educativos\/\" class=\"rank-math-html-sitemap__link\">Talleres para centros educativos<\/a> <span class=\"rank-math-html-sitemap__date\">(05\/12\/2022)<\/span><\/li><li class=\"rank-math-html-sitemap__item\"><a href=\"https:\/\/avesgams.org\/es\/cursos-formacion\/\" class=\"rank-math-html-sitemap__link\">Cursos y formaci\u00f3n<\/a> <span class=\"rank-math-html-sitemap__date\">(05\/12\/2022)<\/span><\/li><li class=\"rank-math-html-sitemap__item\"><a href=\"https:\/\/avesgams.org\/es\/talleres-para-centros-educativos\/\" class=\"rank-math-html-sitemap__link\">Tallers per a centres educatius<\/a> <span class=\"rank-math-html-sitemap__date\">(27\/09\/2022)<\/span><\/li><li class=\"rank-math-html-sitemap__item\"><a href=\"https:\/\/avesgams.org\/es\/cursos-formacion\/\" class=\"rank-math-html-sitemap__link\">Cursos i formaci\u00f3<\/a> <span class=\"rank-math-html-sitemap__date\">(11\/09\/2022)<\/span><\/li><li class=\"rank-math-html-sitemap__item\"><a href=\"https:\/\/avesgams.org\/es\/\" class=\"rank-math-html-sitemap__link\">Inicio<\/a> <span class=\"rank-math-html-sitemap__date\">(15\/07\/2022)<\/span><\/li><li class=\"rank-math-html-sitemap__item\"><a href=\"https:\/\/avesgams.org\/es\/aviso-legal-y-politica-de-privacidad\/\" class=\"rank-math-html-sitemap__link\">Aviso legal y pol\u00edtica de privacidad<\/a> <span class=\"rank-math-html-sitemap__date\">(02\/06\/2022)<\/span><\/li><li class=\"rank-math-html-sitemap__item\"><a href=\"https:\/\/avesgams.org\/es\/historia\/\" class=\"rank-math-html-sitemap__link\">Historia<\/a> <span class=\"rank-math-html-sitemap__date\">(02\/06\/2022)<\/span><\/li><li class=\"rank-math-html-sitemap__item\"><a href=\"https:\/\/avesgams.org\/es\/colabora\/\" class=\"rank-math-html-sitemap__link\">Colabora<\/a> <span class=\"rank-math-html-sitemap__date\">(02\/06\/2022)<\/span><\/li><li class=\"rank-math-html-sitemap__item\"><a href=\"https:\/\/avesgams.org\/es\/actividades\/\" class=\"rank-math-html-sitemap__link\">Actividades<\/a> <span class=\"rank-math-html-sitemap__date\">(02\/06\/2022)<\/span><\/li><li class=\"rank-math-html-sitemap__item\"><a href=\"https:\/\/avesgams.org\/es\/niveles-de-formacion\/\" class=\"rank-math-html-sitemap__link\">Niveles de formaci\u00f3n<\/a> <span class=\"rank-math-html-sitemap__date\">(01\/06\/2022)<\/span><\/li><li class=\"rank-math-html-sitemap__item\"><a href=\"https:\/\/avesgams.org\/es\/transparencia\/\" class=\"rank-math-html-sitemap__link\">Transparencia<\/a> <span class=\"rank-math-html-sitemap__date\">(01\/06\/2022)<\/span><\/li><li class=\"rank-math-html-sitemap__item\"><a href=\"https:\/\/avesgams.org\/es\/actividades\/\" class=\"rank-math-html-sitemap__link\">Activitats<\/a> <span class=\"rank-math-html-sitemap__date\">(16\/05\/2022)<\/span><\/li><li class=\"rank-math-html-sitemap__item\"><a href=\"https:\/\/avesgams.org\/es\/historia\/\" class=\"rank-math-html-sitemap__link\">Hist\u00f2ria<\/a> <span class=\"rank-math-html-sitemap__date\">(09\/05\/2022)<\/span><\/li><li class=\"rank-math-html-sitemap__item\"><a href=\"https:\/\/avesgams.org\/es\/aviso-legal-y-politica-de-privacidad\/\" class=\"rank-math-html-sitemap__link\">Av\u00eds legal i pol\u00edtica de privacitat<\/a> <span class=\"rank-math-html-sitemap__date\">(13\/04\/2022)<\/span><\/li><li class=\"rank-math-html-sitemap__item\"><a href=\"https:\/\/avesgams.org\/es\/ultimas-noticias\/\" class=\"rank-math-html-sitemap__link\">\u00daltimes not\u00edcies<\/a> <span class=\"rank-math-html-sitemap__date\">(11\/04\/2022)<\/span><\/li><li class=\"rank-math-html-sitemap__item\"><a href=\"https:\/\/avesgams.org\/es\/colabora\/\" class=\"rank-math-html-sitemap__link\">Col\u00b7labora<\/a> <span class=\"rank-math-html-sitemap__date\">(21\/03\/2022)<\/span><\/li><li class=\"rank-math-html-sitemap__item\"><a href=\"https:\/\/avesgams.org\/es\/acompanamiento\/\" class=\"rank-math-html-sitemap__link\">Acompanyament<\/a> <span class=\"rank-math-html-sitemap__date\">(18\/03\/2022)<\/span><\/li><li class=\"rank-math-html-sitemap__item\"><a href=\"https:\/\/avesgams.org\/es\/transparencia\/\" class=\"rank-math-html-sitemap__link\">Transpar\u00e8ncia<\/a> <span class=\"rank-math-html-sitemap__date\">(15\/03\/2022)<\/span><\/li><li class=\"rank-math-html-sitemap__item\"><a href=\"https:\/\/avesgams.org\/es\/\" class=\"rank-math-html-sitemap__link\">Inici<\/a> <span class=\"rank-math-html-sitemap__date\">(15\/03\/2022)<\/span><\/li><\/ul><\/div><div class=\"rank-math-html-sitemap__section rank-math-html-sitemap__section--post-type rank-math-html-sitemap__section--product\"><h2 class=\"rank-math-html-sitemap__title\">Productos<\/h2><ul class=\"rank-math-html-sitemap__list\"><li class=\"rank-math-html-sitemap__item\"><a href=\"https:\/\/avesgams.org\/es\/producto\/todas-las-sesiones-de-grupo-de-filosofia-practica-y-espiritualidad\/\" class=\"rank-math-html-sitemap__link\">Todas las sesiones de grupo de filosof\u00eda pr\u00e1ctica y espiritualidad<\/a> <span class=\"rank-math-html-sitemap__date\">(24\/01\/2025)<\/span><\/li><li class=\"rank-math-html-sitemap__item\"><a href=\"https:\/\/avesgams.org\/producto\/taller-ales-nadal\/\" class=\"rank-math-html-sitemap__link\">Taller ALES NADAL<\/a> <span class=\"rank-math-html-sitemap__date\">(29\/10\/2024)<\/span><\/li><li class=\"rank-math-html-sitemap__item\"><a href=\"https:\/\/avesgams.org\/es\/producto\/artterapia\/\" class=\"rank-math-html-sitemap__link\">Art i dol<\/a> <span class=\"rank-math-html-sitemap__date\">(18\/04\/2024)<\/span><\/li><li class=\"rank-math-html-sitemap__item\"><a href=\"https:\/\/avesgams.org\/es\/producto\/artterapia\/\" class=\"rank-math-html-sitemap__link\">Arte y duelo<\/a> <span class=\"rank-math-html-sitemap__date\">(18\/04\/2024)<\/span><\/li><li class=\"rank-math-html-sitemap__item\"><a href=\"https:\/\/avesgams.org\/es\/producto\/grupo-de-filosofia-practica-y-espiritualidad\/\" class=\"rank-math-html-sitemap__link\">Grupo de filosof\u00eda pr\u00e1ctica y espiritualidad<\/a> <span class=\"rank-math-html-sitemap__date\">(20\/03\/2024)<\/span><\/li><\/ul><\/div><div class=\"rank-math-html-sitemap__section rank-math-html-sitemap__section--post-type rank-math-html-sitemap__section--dipi_testimonial\"><h2 class=\"rank-math-html-sitemap__title\">Testimonials<\/h2><ul class=\"rank-math-html-sitemap__list\"><li class=\"rank-math-html-sitemap__item\"><a href=\"https:\/\/avesgams.org\/dipi_testimonial\/loreto-29-09-2025\/\" class=\"rank-math-html-sitemap__link\">Loreto - 29\/09\/2025<\/a> <span class=\"rank-math-html-sitemap__date\">(29\/09\/2025)<\/span><\/li><li class=\"rank-math-html-sitemap__item\"><a href=\"https:\/\/avesgams.org\/dipi_testimonial\/cristina-padin-minaya-04-08-2025\/\" class=\"rank-math-html-sitemap__link\">Cristina Pad\u00edn Minaya - 04\/08\/2025<\/a> <span class=\"rank-math-html-sitemap__date\">(04\/08\/2025)<\/span><\/li><li class=\"rank-math-html-sitemap__item\"><a href=\"https:\/\/avesgams.org\/dipi_testimonial\/caty-lagae-31-07-2025\/\" class=\"rank-math-html-sitemap__link\">Caty Lagae - 31\/07\/2025<\/a> <span class=\"rank-math-html-sitemap__date\">(31\/07\/2025)<\/span><\/li><li class=\"rank-math-html-sitemap__item\"><a href=\"https:\/\/avesgams.org\/dipi_testimonial\/carlos-debon-esplugas-30-07-2025\/\" class=\"rank-math-html-sitemap__link\">Carlos Deb\u00f3n Esplugas - 30\/07\/2025<\/a> <span class=\"rank-math-html-sitemap__date\">(30\/07\/2025)<\/span><\/li><li class=\"rank-math-html-sitemap__item\"><a href=\"https:\/\/avesgams.org\/dipi_testimonial\/africa-30-07-2025\/\" class=\"rank-math-html-sitemap__link\">\u00c1frica - 30\/07\/2025<\/a> <span class=\"rank-math-html-sitemap__date\">(30\/07\/2025)<\/span><\/li><li class=\"rank-math-html-sitemap__item\"><a href=\"https:\/\/avesgams.org\/dipi_testimonial\/carol-sanchez-29-07-2025\/\" class=\"rank-math-html-sitemap__link\">Carol S\u00e1nchez - 29\/07\/2025<\/a> <span class=\"rank-math-html-sitemap__date\">(29\/07\/2025)<\/span><\/li><li class=\"rank-math-html-sitemap__item\"><a href=\"https:\/\/avesgams.org\/dipi_testimonial\/maria-rosa-29-07-2025\/\" class=\"rank-math-html-sitemap__link\">Maria Rosa - 29\/07\/2025<\/a> <span class=\"rank-math-html-sitemap__date\">(29\/07\/2025)<\/span><\/li><\/ul><\/div><div class=\"rank-math-html-sitemap__section rank-math-html-sitemap__section--post-type rank-math-html-sitemap__section--dipi_popup_maker\"><h2 class=\"rank-math-html-sitemap__title\">Popup Maker<\/h2><ul class=\"rank-math-html-sitemap__list\"><li class=\"rank-math-html-sitemap__item\"><a href=\"https:\/\/avesgams.org\/dipi_popup_maker\/formulari-formacio\/\" class=\"rank-math-html-sitemap__link\">Formulari formaci\u00f3<\/a> <span class=\"rank-math-html-sitemap__date\">(14\/04\/2026)<\/span><\/li><\/ul><\/div><div class=\"rank-math-html-sitemap__section rank-math-html-sitemap__section--post-type rank-math-html-sitemap__section--mec-events\"><h2 class=\"rank-math-html-sitemap__title\">Eventos<\/h2><ul class=\"rank-math-html-sitemap__list\"><li class=\"rank-math-html-sitemap__item\"><a href=\"https:\/\/avesgams.org\/events\/grup-de-lectura\/\" class=\"rank-math-html-sitemap__link\">Grup de lectura PILAR BAST\u00c9<\/a> <span class=\"rank-math-html-sitemap__date\">(08\/04\/2026)<\/span><\/li><li class=\"rank-math-html-sitemap__item\"><a href=\"https:\/\/avesgams.org\/events\/conviure-dol-eines-familiars\/\" class=\"rank-math-html-sitemap__link\">Conviure amb persones en dol: eines per a familiars<\/a> <span class=\"rank-math-html-sitemap__date\">(13\/03\/2026)<\/span><\/li><li class=\"rank-math-html-sitemap__item\"><a href=\"https:\/\/avesgams.org\/es\/events\/grupo-de-filosofia-practica-y-espiritualidad\/\" class=\"rank-math-html-sitemap__link\">GRUPO DE FILOSOFIA PR\u00c1CTICA Y ESPIRITUALIDAD<\/a> <span class=\"rank-math-html-sitemap__date\">(20\/01\/2025)<\/span><\/li><li class=\"rank-math-html-sitemap__item\"><a href=\"https:\/\/avesgams.org\/es\/events\/artterapia-en-el-duelo\/\" class=\"rank-math-html-sitemap__link\">ARTE y DUELO<\/a> <span class=\"rank-math-html-sitemap__date\">(09\/04\/2024)<\/span><\/li><li class=\"rank-math-html-sitemap__item\"><a href=\"https:\/\/avesgams.org\/es\/events\/artterapia-en-el-duelo\/\" class=\"rank-math-html-sitemap__link\">ART i DOL<\/a> <span class=\"rank-math-html-sitemap__date\">(28\/03\/2024)<\/span><\/li><li class=\"rank-math-html-sitemap__item\"><a href=\"https:\/\/avesgams.org\/es\/events\/introduccion-al-crecimiento\/\" class=\"rank-math-html-sitemap__link\">INTRODUCCI\u00d3N AL CRECIMIENTO<\/a> <span class=\"rank-math-html-sitemap__date\">(13\/03\/2024)<\/span><\/li><li class=\"rank-math-html-sitemap__item\"><a href=\"https:\/\/avesgams.org\/es\/events\/introduccion-al-crecimiento\/\" class=\"rank-math-html-sitemap__link\">INTRODUCCI\u00d3 AL CREIXEMENT<\/a> <span class=\"rank-math-html-sitemap__date\">(13\/03\/2024)<\/span><\/li><li class=\"rank-math-html-sitemap__item\"><a href=\"https:\/\/avesgams.org\/es\/events\/grupo-de-apoyo-emocional-para-familiares-y-amistades-de-personas-en-proceso-transicion-de-genero\/\" class=\"rank-math-html-sitemap__link\">GRUPO DE APOYO EMOCIONAL PARA FAMILIARES Y AMISTADES DE PERSONAS EN PROCESO TRANSICI\u00d3N DE G\u00c9NERO<\/a> <span class=\"rank-math-html-sitemap__date\">(14\/02\/2024)<\/span><\/li><li class=\"rank-math-html-sitemap__item\"><a href=\"https:\/\/avesgams.org\/es\/events\/grupo-de-apoyo-emocional-para-familiares-y-amistades-de-personas-en-proceso-transicion-de-genero\/\" class=\"rank-math-html-sitemap__link\">GRUP DE SUPORT EMOCIONAL PER A FAMILIARS I AMISTATS DE PERSONES EN PROC\u00c9S TRANSICI\u00d3 DE G\u00c8NERE<\/a> <span class=\"rank-math-html-sitemap__date\">(14\/02\/2024)<\/span><\/li><li class=\"rank-math-html-sitemap__item\"><a href=\"https:\/\/avesgams.org\/es\/events\/charla-informativa-online-del-taller-de-arteterapia-crisalida\/\" class=\"rank-math-html-sitemap__link\">CHARLA INFORMATIVA ONLINE DEL TALLER DE ARTETERAPIA: CRIS\u00c1LIDA.<\/a> <span class=\"rank-math-html-sitemap__date\">(02\/02\/2024)<\/span><\/li><li class=\"rank-math-html-sitemap__item\"><a href=\"https:\/\/avesgams.org\/es\/events\/charla-informativa-online-del-taller-de-arteterapia-crisalida\/\" class=\"rank-math-html-sitemap__link\">XERRADA INFORMATIVA ONLINE DEL TALLER D&#039;ARTTER\u00c0PIA: CRIS\u00c0LIDE<\/a> <span class=\"rank-math-html-sitemap__date\">(02\/02\/2024)<\/span><\/li><li class=\"rank-math-html-sitemap__item\"><a href=\"https:\/\/avesgams.org\/es\/events\/vivir-la-musica-con-la-voz\/\" class=\"rank-math-html-sitemap__link\">VIVIR LA M\u00daSICA\u2026 CON LA VOZ<\/a> <span class=\"rank-math-html-sitemap__date\">(10\/01\/2024)<\/span><\/li><li class=\"rank-math-html-sitemap__item\"><a href=\"https:\/\/avesgams.org\/es\/events\/grupos-de-apoyo-emocional-en-la-transicion-de-genero\/\" class=\"rank-math-html-sitemap__link\">GRUPO DE APOYO EMOCIONAL PARA PERSONAS EN PROCESO DE TRANSICI\u00d3N DE G\u00c9NERO<\/a> <span class=\"rank-math-html-sitemap__date\">(10\/01\/2024)<\/span><\/li><li class=\"rank-math-html-sitemap__item\"><a href=\"https:\/\/avesgams.org\/es\/events\/charla-la-navidad-en-duelo\/\" class=\"rank-math-html-sitemap__link\">CHARLA: LA NAVIDAD EN DUELO<\/a> <span class=\"rank-math-html-sitemap__date\">(10\/01\/2024)<\/span><\/li><li class=\"rank-math-html-sitemap__item\"><a href=\"https:\/\/avesgams.org\/es\/events\/grupos-de-apoyo-emocional-en-la-transicion-de-genero\/\" class=\"rank-math-html-sitemap__link\">GRUP DE SUPORT EMOCIONAL PER A PERSONES EN PROC\u00c9S DE TRANSICI\u00d3 DE G\u00c8NERE<\/a> <span class=\"rank-math-html-sitemap__date\">(04\/01\/2024)<\/span><\/li><li class=\"rank-math-html-sitemap__item\"><a href=\"https:\/\/avesgams.org\/es\/events\/grupo-de-filosofia-practica-y-espiritualidad\/\" class=\"rank-math-html-sitemap__link\">GRUP DE FILOSOFIA PR\u00c0CTICA I ESPIRITUALITAT<\/a> <span class=\"rank-math-html-sitemap__date\">(04\/01\/2024)<\/span><\/li><li class=\"rank-math-html-sitemap__item\"><a href=\"https:\/\/avesgams.org\/es\/events\/vivir-la-musica-con-la-voz\/\" class=\"rank-math-html-sitemap__link\">VIURE LA M\u00daSICA\u2026 AMB LA VEU<\/a> <span class=\"rank-math-html-sitemap__date\">(04\/01\/2024)<\/span><\/li><li class=\"rank-math-html-sitemap__item\"><a href=\"https:\/\/avesgams.org\/es\/events\/charla-la-navidad-en-duelo\/\" class=\"rank-math-html-sitemap__link\">XERRADA: EL NADAL EN DOL<\/a> <span class=\"rank-math-html-sitemap__date\">(04\/01\/2024)<\/span><\/li><li class=\"rank-math-html-sitemap__item\"><a href=\"https:\/\/avesgams.org\/es\/events\/curso-acompanamiento-a-la-persona-enferma-y-a-sus-familiares-en-el-contexto-hospitalario\/\" class=\"rank-math-html-sitemap__link\">CURSO: ACOMPA\u00d1AMIENTO A LA PERSONA ENFERMA Y A SUS FAMILIARES EN EL CONTEXTO HOSPITALARIO<\/a> <span class=\"rank-math-html-sitemap__date\">(14\/11\/2023)<\/span><\/li><li class=\"rank-math-html-sitemap__item\"><a href=\"https:\/\/avesgams.org\/es\/events\/charla-los-mitos-del-duelo\/\" class=\"rank-math-html-sitemap__link\">CHARLA: LOS MITOS DEL DUELO<\/a> <span class=\"rank-math-html-sitemap__date\">(14\/11\/2023)<\/span><\/li><li class=\"rank-math-html-sitemap__item\"><a href=\"https:\/\/avesgams.org\/es\/events\/taller-crisalide-nuestro-camino-de-duelo\/\" class=\"rank-math-html-sitemap__link\">TALLER DE ARTETERAPIA EN EL DUELO: CRIS\u00c1LIDA<\/a> <span class=\"rank-math-html-sitemap__date\">(14\/11\/2023)<\/span><\/li><li class=\"rank-math-html-sitemap__item\"><a href=\"https:\/\/avesgams.org\/es\/events\/inicio-nueva-edicion-formacion-aves-niveles-1-y-2\/\" class=\"rank-math-html-sitemap__link\">INICIO NUEVA EDICI\u00d3N FORMACI\u00d3N AVES (NIVELES 1 Y 2)<\/a> <span class=\"rank-math-html-sitemap__date\">(14\/11\/2023)<\/span><\/li><li class=\"rank-math-html-sitemap__item\"><a href=\"https:\/\/avesgams.org\/es\/events\/inicio-nivel-3-de-la-formacion-aves\/\" class=\"rank-math-html-sitemap__link\">INICIO NIVEL 3 DE LA FORMACI\u00d3N AVES<\/a> <span class=\"rank-math-html-sitemap__date\">(14\/11\/2023)<\/span><\/li><li class=\"rank-math-html-sitemap__item\"><a href=\"https:\/\/avesgams.org\/es\/events\/inicio-nueva-edicion-formacion-aves-niveles-1-y-2\/\" class=\"rank-math-html-sitemap__link\">INICI NOVA EDICI\u00d3 FORMACI\u00d3 AVES (NIVELLS 1 i 2)<\/a> <span class=\"rank-math-html-sitemap__date\">(14\/11\/2023)<\/span><\/li><li class=\"rank-math-html-sitemap__item\"><a href=\"https:\/\/avesgams.org\/es\/events\/inicio-nivel-3-de-la-formacion-aves\/\" class=\"rank-math-html-sitemap__link\">INICI NIVELL 3 DE LA FORMACI\u00d3 AVES<\/a> <span class=\"rank-math-html-sitemap__date\">(14\/11\/2023)<\/span><\/li><li class=\"rank-math-html-sitemap__item\"><a href=\"https:\/\/avesgams.org\/es\/events\/taller-crisalide-nuestro-camino-de-duelo\/\" class=\"rank-math-html-sitemap__link\">TALLER D&#039;ARTTER\u00c0PIA EN EL DOL: CRIS\u00c0LIDE<\/a> <span class=\"rank-math-html-sitemap__date\">(14\/11\/2023)<\/span><\/li><li class=\"rank-math-html-sitemap__item\"><a href=\"https:\/\/avesgams.org\/es\/events\/charla-los-mitos-del-duelo\/\" class=\"rank-math-html-sitemap__link\">XERRADA: ELS MITES DEL DOL<\/a> <span class=\"rank-math-html-sitemap__date\">(14\/11\/2023)<\/span><\/li><li class=\"rank-math-html-sitemap__item\"><a href=\"https:\/\/avesgams.org\/es\/events\/curso-acompanamiento-a-la-persona-enferma-y-a-sus-familiares-en-el-contexto-hospitalario\/\" class=\"rank-math-html-sitemap__link\">CURS: ACOMPANYAMENT A LA PERSONA MALALTA I ALS SEUS FAMILIARS EN EL CONTEXT HOSPITALARI<\/a> <span class=\"rank-math-html-sitemap__date\">(14\/11\/2023)<\/span><\/li><li class=\"rank-math-html-sitemap__item\"><a href=\"https:\/\/avesgams.org\/es\/events\/grupo-de-duelo-online-mes-de-agosto\/\" class=\"rank-math-html-sitemap__link\">GRUPO DE DUELO ONLINE MES DE AGOSTO<\/a> <span class=\"rank-math-html-sitemap__date\">(12\/07\/2023)<\/span><\/li><li class=\"rank-math-html-sitemap__item\"><a href=\"https:\/\/avesgams.org\/es\/events\/grupo-de-duelo-online-mes-de-agosto\/\" class=\"rank-math-html-sitemap__link\">GRUP DE DOL ONLINE MES D&#039;AGOST<\/a> <span class=\"rank-math-html-sitemap__date\">(12\/07\/2023)<\/span><\/li><li class=\"rank-math-html-sitemap__item\"><a href=\"https:\/\/avesgams.org\/es\/events\/acuarelas-con-amor\/\" class=\"rank-math-html-sitemap__link\">ACUARELAS CON AMOR<\/a> <span class=\"rank-math-html-sitemap__date\">(10\/07\/2023)<\/span><\/li><li class=\"rank-math-html-sitemap__item\"><a href=\"https:\/\/avesgams.org\/es\/events\/acuarelas-con-amor\/\" class=\"rank-math-html-sitemap__link\">AQUAREL\u00b7LES AMB AMOR<\/a> <span class=\"rank-math-html-sitemap__date\">(10\/07\/2023)<\/span><\/li><li class=\"rank-math-html-sitemap__item\"><a href=\"https:\/\/avesgams.org\/es\/events\/presentacion-y-conversacion-abierta-amor-infinito\/\" class=\"rank-math-html-sitemap__link\">PRESENTACI\u00d3N Y CONVERSACI\u00d3N ABIERTA: AMOR INFINITO<\/a> <span class=\"rank-math-html-sitemap__date\">(28\/04\/2023)<\/span><\/li><li class=\"rank-math-html-sitemap__item\"><a href=\"https:\/\/avesgams.org\/es\/events\/presentacion-y-conversacion-abierta-amor-infinito\/\" class=\"rank-math-html-sitemap__link\">PRESENTACI\u00d3 I CONVERSA OBERTA: L&#039;AMOR INFINIT<\/a> <span class=\"rank-math-html-sitemap__date\">(28\/04\/2023)<\/span><\/li><li class=\"rank-math-html-sitemap__item\"><a href=\"https:\/\/avesgams.org\/es\/events\/taller-el-arte-de-sentir\/\" class=\"rank-math-html-sitemap__link\">TALLER: EL ARTE DE SENTIR<\/a> <span class=\"rank-math-html-sitemap__date\">(04\/04\/2023)<\/span><\/li><li class=\"rank-math-html-sitemap__item\"><a href=\"https:\/\/avesgams.org\/es\/events\/charla-informativa-el-arte-de-sentir\/\" class=\"rank-math-html-sitemap__link\">CHARLA INFORMATIVA: EL ARTE DE SENTIR<\/a> <span class=\"rank-math-html-sitemap__date\">(04\/04\/2023)<\/span><\/li><li class=\"rank-math-html-sitemap__item\"><a href=\"https:\/\/avesgams.org\/es\/events\/gam-para-personas-que-vivimos-un-proceso-de-enfermedad-cronica-o-con-secuelas\/\" class=\"rank-math-html-sitemap__link\">GAM PARA PERSONAS QUE VIVIMOS UN PROCESO DE ENFERMEDAD CR\u00d3NICA, ESTABILIZADA O CON SECUELAS<\/a> <span class=\"rank-math-html-sitemap__date\">(04\/04\/2023)<\/span><\/li><li class=\"rank-math-html-sitemap__item\"><a href=\"https:\/\/avesgams.org\/es\/events\/taller-el-arte-de-sentir\/\" class=\"rank-math-html-sitemap__link\">TALLER: L&#039;ART DE SENTIR<\/a> <span class=\"rank-math-html-sitemap__date\">(04\/04\/2023)<\/span><\/li><li class=\"rank-math-html-sitemap__item\"><a href=\"https:\/\/avesgams.org\/es\/events\/charla-informativa-el-arte-de-sentir\/\" class=\"rank-math-html-sitemap__link\">XERRADA INFORMATIVA: L&#039;ART DE SENTIR<\/a> <span class=\"rank-math-html-sitemap__date\">(04\/04\/2023)<\/span><\/li><li class=\"rank-math-html-sitemap__item\"><a href=\"https:\/\/avesgams.org\/es\/events\/gam-para-personas-que-vivimos-un-proceso-de-enfermedad-cronica-o-con-secuelas\/\" class=\"rank-math-html-sitemap__link\">GAM PER A PERSONES QUE VIVIM UN PROC\u00c9S DE MALALTIA CR\u00d2NICA, ESTABILITZADA O AMB SEQ\u00dcELES<\/a> <span class=\"rank-math-html-sitemap__date\">(04\/04\/2023)<\/span><\/li><li class=\"rank-math-html-sitemap__item\"><a href=\"https:\/\/avesgams.org\/es\/events\/grupo-ludico\/\" class=\"rank-math-html-sitemap__link\">GRUPO L\u00daDICO<\/a> <span class=\"rank-math-html-sitemap__date\">(16\/01\/2023)<\/span><\/li><li class=\"rank-math-html-sitemap__item\"><a href=\"https:\/\/avesgams.org\/es\/events\/grupo-de-consciencia\/\" class=\"rank-math-html-sitemap__link\">GRUPO DE CONSCIENCIA<\/a> <span class=\"rank-math-html-sitemap__date\">(16\/01\/2023)<\/span><\/li><li class=\"rank-math-html-sitemap__item\"><a href=\"https:\/\/avesgams.org\/es\/events\/grupo-de-aprendizaje-vital\/\" class=\"rank-math-html-sitemap__link\">GRUPO DE BIOGRAF\u00cdA, AMA LA VIDA<\/a> <span class=\"rank-math-html-sitemap__date\">(16\/01\/2023)<\/span><\/li><li class=\"rank-math-html-sitemap__item\"><a href=\"https:\/\/avesgams.org\/es\/events\/meditacion-online-un-espacio-para-cultivar-la-felicidad\/\" class=\"rank-math-html-sitemap__link\">MEDITACI\u00d3N<\/a> <span class=\"rank-math-html-sitemap__date\">(16\/01\/2023)<\/span><\/li><li class=\"rank-math-html-sitemap__item\"><a href=\"https:\/\/avesgams.org\/es\/events\/taller-de-gestion-del-estres-i-evolucion-personal\/\" class=\"rank-math-html-sitemap__link\">TALLER DE GESTI\u00d3N DEL ESTR\u00c9S Y EVOLUCI\u00d3N PERSONAL<\/a> <span class=\"rank-math-html-sitemap__date\">(22\/12\/2022)<\/span><\/li><li class=\"rank-math-html-sitemap__item\"><a href=\"https:\/\/avesgams.org\/es\/events\/taller-de-gestion-del-estres-i-evolucion-personal\/\" class=\"rank-math-html-sitemap__link\">TALLER DE GESTI\u00d3 DE L&#039;ESTR\u00c9S I EVOLUCI\u00d3 PERSONAL<\/a> <span class=\"rank-math-html-sitemap__date\">(22\/12\/2022)<\/span><\/li><li class=\"rank-math-html-sitemap__item\"><a href=\"https:\/\/avesgams.org\/es\/events\/taller-de-musicoterapia-en-el-duelo\/\" class=\"rank-math-html-sitemap__link\">MUSICOTERAPIA EN EL DUELO<\/a> <span class=\"rank-math-html-sitemap__date\">(16\/12\/2022)<\/span><\/li><li class=\"rank-math-html-sitemap__item\"><a href=\"https:\/\/avesgams.org\/es\/events\/taller-de-musicoterapia-en-el-duelo\/\" class=\"rank-math-html-sitemap__link\">MUSICOTER\u00c0PIA EN EL DOL<\/a> <span class=\"rank-math-html-sitemap__date\">(16\/12\/2022)<\/span><\/li><li class=\"rank-math-html-sitemap__item\"><a href=\"https:\/\/avesgams.org\/es\/events\/grupo-de-aprendizaje-vital\/\" class=\"rank-math-html-sitemap__link\">GRUP DE BIOGRAFIA, ESTIMA LA VIDA<\/a> <span class=\"rank-math-html-sitemap__date\">(26\/10\/2022)<\/span><\/li><li class=\"rank-math-html-sitemap__item\"><a href=\"https:\/\/avesgams.org\/es\/events\/taller-ales\/\" class=\"rank-math-html-sitemap__link\">Taller ALAS NAVIDAD<\/a> <span class=\"rank-math-html-sitemap__date\">(26\/10\/2022)<\/span><\/li><li class=\"rank-math-html-sitemap__item\"><a href=\"https:\/\/avesgams.org\/es\/events\/taller-ales\/\" class=\"rank-math-html-sitemap__link\">Taller ALES NADAL<\/a> <span class=\"rank-math-html-sitemap__date\">(26\/10\/2022)<\/span><\/li><li class=\"rank-math-html-sitemap__item\"><a href=\"https:\/\/avesgams.org\/es\/events\/gam-para-personas-familiares-cuidadoras\/\" class=\"rank-math-html-sitemap__link\">GAM PARA PERSONAS FAMILIARES CUIDADORAS<\/a> <span class=\"rank-math-html-sitemap__date\">(20\/09\/2022)<\/span><\/li><li class=\"rank-math-html-sitemap__item\"><a href=\"https:\/\/avesgams.org\/es\/events\/gam-para-personas-familiares-cuidadoras\/\" class=\"rank-math-html-sitemap__link\">GAM PER A PERSONES FAMILIARS CUIDADORES<\/a> <span class=\"rank-math-html-sitemap__date\">(09\/09\/2022)<\/span><\/li><li class=\"rank-math-html-sitemap__item\"><a href=\"https:\/\/avesgams.org\/es\/events\/grupo-de-consciencia\/\" class=\"rank-math-html-sitemap__link\">GRUP DE CONSCI\u00c8NCIA<\/a> <span class=\"rank-math-html-sitemap__date\">(13\/07\/2022)<\/span><\/li><li class=\"rank-math-html-sitemap__item\"><a href=\"https:\/\/avesgams.org\/es\/events\/grup-creixement-2a-fase-de-dol\/\" class=\"rank-math-html-sitemap__link\">GRUP DE CREIXEMENT PERSONAL<\/a> <span class=\"rank-math-html-sitemap__date\">(06\/07\/2022)<\/span><\/li><li class=\"rank-math-html-sitemap__item\"><a href=\"https:\/\/avesgams.org\/es\/events\/grup-creixement-2a-fase-de-dol\/\" class=\"rank-math-html-sitemap__link\">GRUPO DE CRECIMIENTO PERSONAL<\/a> <span class=\"rank-math-html-sitemap__date\">(06\/07\/2022)<\/span><\/li><li class=\"rank-math-html-sitemap__item\"><a href=\"https:\/\/avesgams.org\/es\/events\/taller-de-elaboracion-emocional-segun-el-metodo-de-elisabeth-kubler-ross\/\" class=\"rank-math-html-sitemap__link\">TALLER DE ELABORACI\u00d3N EMOCIONAL SEG\u00daN EL M\u00c9TODO DE ELISABETH K\u00dcBLER-ROSS<\/a> <span class=\"rank-math-html-sitemap__date\">(02\/06\/2022)<\/span><\/li><li class=\"rank-math-html-sitemap__item\"><a href=\"https:\/\/avesgams.org\/es\/events\/taller-de-suenos\/\" class=\"rank-math-html-sitemap__link\">GRUPO DE EXPLORACI\u00d3N DE LOS SUE\u00d1OS<\/a> <span class=\"rank-math-html-sitemap__date\">(02\/06\/2022)<\/span><\/li><li class=\"rank-math-html-sitemap__item\"><a href=\"https:\/\/avesgams.org\/es\/events\/grupo-ludico\/\" class=\"rank-math-html-sitemap__link\">GRUP L\u00daDIC<\/a> <span class=\"rank-math-html-sitemap__date\">(23\/05\/2022)<\/span><\/li><li class=\"rank-math-html-sitemap__item\"><a href=\"https:\/\/avesgams.org\/es\/events\/meditacion-online-un-espacio-para-cultivar-la-felicidad\/\" class=\"rank-math-html-sitemap__link\">MEDITACI\u00d3<\/a> <span class=\"rank-math-html-sitemap__date\">(23\/05\/2022)<\/span><\/li><li class=\"rank-math-html-sitemap__item\"><a href=\"https:\/\/avesgams.org\/es\/events\/taller-de-suenos\/\" class=\"rank-math-html-sitemap__link\">GRUP D&#039;EXPLORACI\u00d3 DELS SOMNIS<\/a> <span class=\"rank-math-html-sitemap__date\">(23\/05\/2022)<\/span><\/li><li class=\"rank-math-html-sitemap__item\"><a href=\"https:\/\/avesgams.org\/es\/events\/taller-de-elaboracion-emocional-segun-el-metodo-de-elisabeth-kubler-ross\/\" class=\"rank-math-html-sitemap__link\">TALLER D&#039;ELABORACI\u00d3 EMOCIONAL SEGONS EL M\u00c8TODE D&#039;ELISABETH K\u00dcBLER-ROSS<\/a> <span class=\"rank-math-html-sitemap__date\">(05\/05\/2022)<\/span><\/li><\/ul><\/div><div class=\"rank-math-html-sitemap__section rank-math-html-sitemap__section--taxonomy rank-math-html-sitemap__section--category\"><h2 class=\"rank-math-html-sitemap__title\">Categor\u00edas<\/h2><ul class=\"rank-math-html-sitemap__list\"><li class=\"rank-math-html-sitemap__item\"><a href=\"https:\/\/avesgams.org\/es\/category\/eventos\/\" class=\"rank-math-html-sitemap__link\">Eventos<\/a><\/li><li class=\"rank-math-html-sitemap__item\"><a href=\"https:\/\/avesgams.org\/es\/category\/formacion\/\" class=\"rank-math-html-sitemap__link\">Formaci\u00f3n<\/a><\/li><li class=\"rank-math-html-sitemap__item\"><a href=\"https:\/\/avesgams.org\/es\/category\/gams-es\/\" class=\"rank-math-html-sitemap__link\">GAMS<\/a><\/li><li class=\"rank-math-html-sitemap__item\"><a href=\"https:\/\/avesgams.org\/es\/category\/talleres-escolares\/\" class=\"rank-math-html-sitemap__link\">Talleres escolares<\/a><\/li><\/ul><\/div><\/div>[\/et_pb_text][\/et_pb_column][\/et_pb_row][\/et_pb_section]<\/p>\n","protected":false},"excerpt":{"rendered":"<p>Mapa del sitio web <div class=\"rank-math-html-sitemap\"><div class=\"rank-math-html-sitemap__section rank-math-html-sitemap__section--post-type rank-math-html-sitemap__section--post\"><h2 class=\"rank-math-html-sitemap__title\">Entradas<\/h2><ul class=\"rank-math-html-sitemap__list\"><li class=\"rank-math-html-sitemap__item\"><a href=\"https:\/\/avesgams.org\/2026\/04\/15\/comenca-una-nova-edicio-de-la-formacio-basica-dacompanyament-en-el-dol-i-les-perdues\/\" class=\"rank-math-html-sitemap__link\">Comen\u00e7a una nova edici\u00f3 de la Formaci\u00f3 B\u00e0sica d\u2019Acompanyament en el Dol i les P\u00e8rdues<\/a> <span class=\"rank-math-html-sitemap__date\">(15\/04\/2026)<\/span><\/li><li class=\"rank-math-html-sitemap__item\"><a href=\"https:\/\/avesgams.org\/2026\/03\/17\/en-record-de-la-teresa\/\" class=\"rank-math-html-sitemap__link\">En record de la Teresa<\/a> <span class=\"rank-math-html-sitemap__date\">(17\/03\/2026)<\/span><\/li><li class=\"rank-math-html-sitemap__item\"><a href=\"https:\/\/avesgams.org\/2026\/03\/13\/conviure-persona-dol\/\" class=\"rank-math-html-sitemap__link\">Conviure amb una persona en dol: com podem acompanyar sense fer mal<\/a> <span class=\"rank-math-html-sitemap__date\">(13\/03\/2026)<\/span><\/li><li class=\"rank-math-html-sitemap__item\"><a href=\"https:\/\/avesgams.org\/2026\/03\/09\/presentacio-no-hi-ha-paraules-francesc-torralba\/\" class=\"rank-math-html-sitemap__link\">El dol com a cam\u00ed: una trobada al voltant de No hi ha paraules, de Francesc Torralba<\/a> <span class=\"rank-math-html-sitemap__date\">(09\/03\/2026)<\/span><\/li><li class=\"rank-math-html-sitemap__item\"><a href=\"https:\/\/avesgams.org\/2026\/02\/25\/cadira-buida-dol-significat-absencia\/\" class=\"rank-math-html-sitemap__link\">La cadira buida: fer espai a l\u2019abs\u00e8ncia<\/a> <span class=\"rank-math-html-sitemap__date\">(25\/02\/2026)<\/span><\/li><li class=\"rank-math-html-sitemap__item\"><a href=\"https:\/\/avesgams.org\/2026\/02\/04\/grup-ajuda-mutua-adolescents-dol\/\" class=\"rank-math-html-sitemap__link\">Nou espai per a adolescents en dol<\/a> <span class=\"rank-math-html-sitemap__date\">(04\/02\/2026)<\/span><\/li><li class=\"rank-math-html-sitemap__item\"><a href=\"https:\/\/avesgams.org\/es\/2025\/04\/11\/aves-hemos-participado-en-el-ii-congreso-de-medicina-y-salud-ambiental\/\" class=\"rank-math-html-sitemap__link\">AVES hemos participado en el II Congreso de medicina y salud ambiental<\/a> <span class=\"rank-math-html-sitemap__date\">(11\/04\/2025)<\/span><\/li><li class=\"rank-math-html-sitemap__item\"><a href=\"https:\/\/avesgams.org\/es\/2025\/04\/11\/aves-hemos-participado-en-el-ii-congreso-de-medicina-y-salud-ambiental\/\" class=\"rank-math-html-sitemap__link\">AVES hem participat en el II Congr\u00e9s de medicina i salut ambiental<\/a> <span class=\"rank-math-html-sitemap__date\">(11\/04\/2025)<\/span><\/li><li class=\"rank-math-html-sitemap__item\"><a href=\"https:\/\/avesgams.org\/es\/2024\/05\/15\/aves-hemos-participado-en-el-programa-tercera-era-a-radio-la-marina-fm\/\" class=\"rank-math-html-sitemap__link\">AVES hemos participado en el programa TERCERA ERA a Radio la Marina FM<\/a> <span class=\"rank-math-html-sitemap__date\">(15\/05\/2024)<\/span><\/li><li class=\"rank-math-html-sitemap__item\"><a href=\"https:\/\/avesgams.org\/es\/2024\/05\/15\/aves-hemos-participado-en-el-programa-tercera-era-a-radio-la-marina-fm\/\" class=\"rank-math-html-sitemap__link\">AVES hem participat en el programa TERCERA ERA a R\u00e0dio la Marina FM<\/a> <span class=\"rank-math-html-sitemap__date\">(15\/05\/2024)<\/span><\/li><li class=\"rank-math-html-sitemap__item\"><a href=\"https:\/\/avesgams.org\/es\/2024\/02\/01\/aves-hemos-recibido-el-tercer-premio-del-voluntariado-2023\/\" class=\"rank-math-html-sitemap__link\">AVES hemos recibido el Tercer premio del Voluntariado 2023<\/a> <span class=\"rank-math-html-sitemap__date\">(01\/02\/2024)<\/span><\/li><li class=\"rank-math-html-sitemap__item\"><a href=\"https:\/\/avesgams.org\/es\/2024\/02\/01\/aves-en-llinars-del-valles\/\" class=\"rank-math-html-sitemap__link\">AVES en Llinars del Vall\u00e8s<\/a> <span class=\"rank-math-html-sitemap__date\">(01\/02\/2024)<\/span><\/li><li class=\"rank-math-html-sitemap__item\"><a href=\"https:\/\/avesgams.org\/es\/2024\/02\/01\/aves-agradecemos-los-aces-solidarios-del-trofeo-conde-godo\/\" class=\"rank-math-html-sitemap__link\">AVES agradecemos los aces solidarios del Trofeo Conde God\u00f3<\/a> <span class=\"rank-math-html-sitemap__date\">(01\/02\/2024)<\/span><\/li><li class=\"rank-math-html-sitemap__item\"><a href=\"https:\/\/avesgams.org\/es\/2024\/02\/01\/entrevista-a-adela-torras\/\" class=\"rank-math-html-sitemap__link\">Entrevista a Adela Torras<\/a> <span class=\"rank-math-html-sitemap__date\">(01\/02\/2024)<\/span><\/li><li class=\"rank-math-html-sitemap__item\"><a href=\"https:\/\/avesgams.org\/es\/2024\/02\/01\/aves-hemos-recibido-el-tercer-premio-del-voluntariado-2023\/\" class=\"rank-math-html-sitemap__link\">AVES hem rebut el Tercer premi del Voluntariat 2023<\/a> <span class=\"rank-math-html-sitemap__date\">(31\/01\/2024)<\/span><\/li><li class=\"rank-math-html-sitemap__item\"><a href=\"https:\/\/avesgams.org\/es\/2024\/02\/01\/aves-en-llinars-del-valles\/\" class=\"rank-math-html-sitemap__link\">AVES a Llinars del Vall\u00e8s<\/a> <span class=\"rank-math-html-sitemap__date\">(31\/01\/2024)<\/span><\/li><li class=\"rank-math-html-sitemap__item\"><a href=\"https:\/\/avesgams.org\/es\/2024\/02\/01\/aves-agradecemos-los-aces-solidarios-del-trofeo-conde-godo\/\" class=\"rank-math-html-sitemap__link\">AVES agra\u00efm els Aces Solidaris del Trofeu Conde de God\u00f3<\/a> <span class=\"rank-math-html-sitemap__date\">(31\/01\/2024)<\/span><\/li><li class=\"rank-math-html-sitemap__item\"><a href=\"https:\/\/avesgams.org\/es\/2024\/02\/01\/entrevista-a-adela-torras\/\" class=\"rank-math-html-sitemap__link\">Entrevista a l&#039;Adela Torras<\/a> <span class=\"rank-math-html-sitemap__date\">(31\/01\/2024)<\/span><\/li><li class=\"rank-math-html-sitemap__item\"><a href=\"https:\/\/avesgams.org\/es\/2024\/01\/17\/i-congreso-internacional-de-grupos-de-apoyo\/\" class=\"rank-math-html-sitemap__link\">I Congreso Internacional de grupos de apoyo<\/a> <span class=\"rank-math-html-sitemap__date\">(17\/01\/2024)<\/span><\/li><li class=\"rank-math-html-sitemap__item\"><a href=\"https:\/\/avesgams.org\/es\/2024\/01\/17\/25-aniversario-aves\/\" class=\"rank-math-html-sitemap__link\">25 aniversario AVES<\/a> <span class=\"rank-math-html-sitemap__date\">(17\/01\/2024)<\/span><\/li><li class=\"rank-math-html-sitemap__item\"><a href=\"https:\/\/avesgams.org\/es\/2024\/01\/17\/taller-gratuito-el-arte-de-las-emociones-en-la-escuela-el-turo\/\" class=\"rank-math-html-sitemap__link\">Taller Gratuito \u00abEl Arte de las Emociones\u00bb en la Escuela el Tur\u00f3<\/a> <span class=\"rank-math-html-sitemap__date\">(17\/01\/2024)<\/span><\/li><li class=\"rank-math-html-sitemap__item\"><a href=\"https:\/\/avesgams.org\/es\/2024\/01\/17\/taller-gratuito-el-arte-de-las-emociones-en-la-escuela-el-turo\/\" class=\"rank-math-html-sitemap__link\">Taller Gratu\u00eft \u00abL&#039;Art de les Emocions\u00bb a l&#039;Escola el Tur\u00f3<\/a> <span class=\"rank-math-html-sitemap__date\">(24\/10\/2022)<\/span><\/li><li class=\"rank-math-html-sitemap__item\"><a href=\"https:\/\/avesgams.org\/es\/2024\/01\/17\/25-aniversario-aves\/\" class=\"rank-math-html-sitemap__link\">25\u00e8 aniversari d\u2019AVES<\/a> <span class=\"rank-math-html-sitemap__date\">(13\/02\/2018)<\/span><\/li><li class=\"rank-math-html-sitemap__item\"><a href=\"https:\/\/avesgams.org\/es\/2024\/01\/17\/i-congreso-internacional-de-grupos-de-apoyo\/\" class=\"rank-math-html-sitemap__link\">I Congr\u00e9s Internacional de grups de suport<\/a> <span class=\"rank-math-html-sitemap__date\">(06\/12\/2013)<\/span><\/li><\/ul><\/div><div class=\"rank-math-html-sitemap__section rank-math-html-sitemap__section--post-type rank-math-html-sitemap__section--page\"><h2 class=\"rank-math-html-sitemap__title\">P\u00e1ginas<\/h2><ul class=\"rank-math-html-sitemap__list\"><li class=\"rank-math-html-sitemap__item\"><a href=\"https:\/\/avesgams.org\/es\/accesibilidad\/\" class=\"rank-math-html-sitemap__link\">Accesibilidad<\/a> <span class=\"rank-math-html-sitemap__date\">(21\/06\/2024)<\/span><\/li><li class=\"rank-math-html-sitemap__item\"><a href=\"https:\/\/avesgams.org\/es\/mi-cuenta\/\" class=\"rank-math-html-sitemap__link\">Mi cuenta<\/a> <span class=\"rank-math-html-sitemap__date\">(22\/03\/2024)<\/span><\/li><li class=\"rank-math-html-sitemap__item\"><a href=\"https:\/\/avesgams.org\/es\/confirmar\/\" class=\"rank-math-html-sitemap__link\">Confirmar<\/a> <span class=\"rank-math-html-sitemap__date\">(22\/03\/2024)<\/span><\/li><li class=\"rank-math-html-sitemap__item\"><a href=\"https:\/\/avesgams.org\/es\/carrito\/\" class=\"rank-math-html-sitemap__link\">Carrito<\/a> <span class=\"rank-math-html-sitemap__date\">(22\/03\/2024)<\/span><\/li><li class=\"rank-math-html-sitemap__item\"><a href=\"https:\/\/avesgams.org\/es\/tienda\/\" class=\"rank-math-html-sitemap__link\">Tienda<\/a> <span class=\"rank-math-html-sitemap__date\">(22\/03\/2024)<\/span><\/li><li class=\"rank-math-html-sitemap__item\"><a href=\"https:\/\/avesgams.org\/es\/tienda\/\" class=\"rank-math-html-sitemap__link\">Botiga<\/a> <span class=\"rank-math-html-sitemap__date\">(22\/03\/2024)<\/span><\/li><li class=\"rank-math-html-sitemap__item\"><a href=\"https:\/\/avesgams.org\/es\/accesibilidad\/\" class=\"rank-math-html-sitemap__link\">Accessibilitat<\/a> <span class=\"rank-math-html-sitemap__date\">(20\/03\/2024)<\/span><\/li><li class=\"rank-math-html-sitemap__item\"><a href=\"https:\/\/avesgams.org\/es\/acompanamiento\/\" class=\"rank-math-html-sitemap__link\">Acompa\u00f1amiento<\/a> <span class=\"rank-math-html-sitemap__date\">(13\/03\/2024)<\/span><\/li><li class=\"rank-math-html-sitemap__item\"><a href=\"https:\/\/avesgams.org\/es\/mapa-del-sitio-web\/\" class=\"rank-math-html-sitemap__link\">Mapa del sitio web<\/a> <span class=\"rank-math-html-sitemap__date\">(06\/03\/2024)<\/span><\/li><li class=\"rank-math-html-sitemap__item\"><a href=\"https:\/\/avesgams.org\/es\/mapa-del-sitio-web\/\" class=\"rank-math-html-sitemap__link\">Mapa del lloc web<\/a> <span class=\"rank-math-html-sitemap__date\">(06\/03\/2024)<\/span><\/li><li class=\"rank-math-html-sitemap__item\"><a href=\"https:\/\/avesgams.org\/es\/mi-cuenta\/\" class=\"rank-math-html-sitemap__link\">El meu compte<\/a> <span class=\"rank-math-html-sitemap__date\">(06\/02\/2024)<\/span><\/li><li class=\"rank-math-html-sitemap__item\"><a href=\"https:\/\/avesgams.org\/es\/confirmar\/\" class=\"rank-math-html-sitemap__link\">Finalitzar comanda<\/a> <span class=\"rank-math-html-sitemap__date\">(06\/02\/2024)<\/span><\/li><li class=\"rank-math-html-sitemap__item\"><a href=\"https:\/\/avesgams.org\/es\/carrito\/\" class=\"rank-math-html-sitemap__link\">Cistella<\/a> <span class=\"rank-math-html-sitemap__date\">(06\/02\/2024)<\/span><\/li><li class=\"rank-math-html-sitemap__item\"><a href=\"https:\/\/avesgams.org\/es\/politica-de-cookies\/\" class=\"rank-math-html-sitemap__link\">Pol\u00edtica de cookies<\/a> <span class=\"rank-math-html-sitemap__date\">(16\/01\/2024)<\/span><\/li><li class=\"rank-math-html-sitemap__item\"><a href=\"https:\/\/avesgams.org\/es\/politica-de-cookies\/\" class=\"rank-math-html-sitemap__link\">Pol\u00edtica de cookies<\/a> <span class=\"rank-math-html-sitemap__date\">(29\/09\/2023)<\/span><\/li><li class=\"rank-math-html-sitemap__item\"><a href=\"https:\/\/avesgams.org\/es\/ultimas-noticias\/\" class=\"rank-math-html-sitemap__link\">\u00daltimas noticias<\/a> <span class=\"rank-math-html-sitemap__date\">(29\/09\/2023)<\/span><\/li><li class=\"rank-math-html-sitemap__item\"><a href=\"https:\/\/avesgams.org\/es\/talleres-para-centros-educativos\/\" class=\"rank-math-html-sitemap__link\">Talleres para centros educativos<\/a> <span class=\"rank-math-html-sitemap__date\">(05\/12\/2022)<\/span><\/li><li class=\"rank-math-html-sitemap__item\"><a href=\"https:\/\/avesgams.org\/es\/cursos-formacion\/\" class=\"rank-math-html-sitemap__link\">Cursos y formaci\u00f3n<\/a> <span class=\"rank-math-html-sitemap__date\">(05\/12\/2022)<\/span><\/li><li class=\"rank-math-html-sitemap__item\"><a href=\"https:\/\/avesgams.org\/es\/talleres-para-centros-educativos\/\" class=\"rank-math-html-sitemap__link\">Tallers per a centres educatius<\/a> <span class=\"rank-math-html-sitemap__date\">(27\/09\/2022)<\/span><\/li><li class=\"rank-math-html-sitemap__item\"><a href=\"https:\/\/avesgams.org\/es\/cursos-formacion\/\" class=\"rank-math-html-sitemap__link\">Cursos i formaci\u00f3<\/a> <span class=\"rank-math-html-sitemap__date\">(11\/09\/2022)<\/span><\/li><li class=\"rank-math-html-sitemap__item\"><a href=\"https:\/\/avesgams.org\/es\/\" class=\"rank-math-html-sitemap__link\">Inicio<\/a> <span class=\"rank-math-html-sitemap__date\">(15\/07\/2022)<\/span><\/li><li class=\"rank-math-html-sitemap__item\"><a href=\"https:\/\/avesgams.org\/es\/aviso-legal-y-politica-de-privacidad\/\" class=\"rank-math-html-sitemap__link\">Aviso legal y pol\u00edtica de privacidad<\/a> <span class=\"rank-math-html-sitemap__date\">(02\/06\/2022)<\/span><\/li><li class=\"rank-math-html-sitemap__item\"><a href=\"https:\/\/avesgams.org\/es\/historia\/\" class=\"rank-math-html-sitemap__link\">Historia<\/a> <span class=\"rank-math-html-sitemap__date\">(02\/06\/2022)<\/span><\/li><li class=\"rank-math-html-sitemap__item\"><a href=\"https:\/\/avesgams.org\/es\/colabora\/\" class=\"rank-math-html-sitemap__link\">Colabora<\/a> <span class=\"rank-math-html-sitemap__date\">(02\/06\/2022)<\/span><\/li><li class=\"rank-math-html-sitemap__item\"><a href=\"https:\/\/avesgams.org\/es\/actividades\/\" class=\"rank-math-html-sitemap__link\">Actividades<\/a> <span class=\"rank-math-html-sitemap__date\">(02\/06\/2022)<\/span><\/li><li class=\"rank-math-html-sitemap__item\"><a href=\"https:\/\/avesgams.org\/es\/niveles-de-formacion\/\" class=\"rank-math-html-sitemap__link\">Niveles de formaci\u00f3n<\/a> <span class=\"rank-math-html-sitemap__date\">(01\/06\/2022)<\/span><\/li><li class=\"rank-math-html-sitemap__item\"><a href=\"https:\/\/avesgams.org\/es\/transparencia\/\" class=\"rank-math-html-sitemap__link\">Transparencia<\/a> <span class=\"rank-math-html-sitemap__date\">(01\/06\/2022)<\/span><\/li><li class=\"rank-math-html-sitemap__item\"><a href=\"https:\/\/avesgams.org\/es\/actividades\/\" class=\"rank-math-html-sitemap__link\">Activitats<\/a> <span class=\"rank-math-html-sitemap__date\">(16\/05\/2022)<\/span><\/li><li class=\"rank-math-html-sitemap__item\"><a href=\"https:\/\/avesgams.org\/es\/historia\/\" class=\"rank-math-html-sitemap__link\">Hist\u00f2ria<\/a> <span class=\"rank-math-html-sitemap__date\">(09\/05\/2022)<\/span><\/li><li class=\"rank-math-html-sitemap__item\"><a href=\"https:\/\/avesgams.org\/es\/aviso-legal-y-politica-de-privacidad\/\" class=\"rank-math-html-sitemap__link\">Av\u00eds legal i pol\u00edtica de privacitat<\/a> <span class=\"rank-math-html-sitemap__date\">(13\/04\/2022)<\/span><\/li><li class=\"rank-math-html-sitemap__item\"><a href=\"https:\/\/avesgams.org\/es\/ultimas-noticias\/\" class=\"rank-math-html-sitemap__link\">\u00daltimes not\u00edcies<\/a> <span class=\"rank-math-html-sitemap__date\">(11\/04\/2022)<\/span><\/li><li class=\"rank-math-html-sitemap__item\"><a href=\"https:\/\/avesgams.org\/es\/colabora\/\" class=\"rank-math-html-sitemap__link\">Col\u00b7labora<\/a> <span class=\"rank-math-html-sitemap__date\">(21\/03\/2022)<\/span><\/li><li class=\"rank-math-html-sitemap__item\"><a href=\"https:\/\/avesgams.org\/es\/acompanamiento\/\" class=\"rank-math-html-sitemap__link\">Acompanyament<\/a> <span class=\"rank-math-html-sitemap__date\">(18\/03\/2022)<\/span><\/li><li class=\"rank-math-html-sitemap__item\"><a href=\"https:\/\/avesgams.org\/es\/transparencia\/\" class=\"rank-math-html-sitemap__link\">Transpar\u00e8ncia<\/a> <span class=\"rank-math-html-sitemap__date\">(15\/03\/2022)<\/span><\/li><li class=\"rank-math-html-sitemap__item\"><a href=\"https:\/\/avesgams.org\/es\/\" class=\"rank-math-html-sitemap__link\">Inici<\/a> <span class=\"rank-math-html-sitemap__date\">(15\/03\/2022)<\/span><\/li><\/ul><\/div><div class=\"rank-math-html-sitemap__section rank-math-html-sitemap__section--post-type rank-math-html-sitemap__section--product\"><h2 class=\"rank-math-html-sitemap__title\">Productos<\/h2><ul class=\"rank-math-html-sitemap__list\"><li class=\"rank-math-html-sitemap__item\"><a href=\"https:\/\/avesgams.org\/es\/producto\/todas-las-sesiones-de-grupo-de-filosofia-practica-y-espiritualidad\/\" class=\"rank-math-html-sitemap__link\">Todas las sesiones de grupo de filosof\u00eda pr\u00e1ctica y espiritualidad<\/a> <span class=\"rank-math-html-sitemap__date\">(24\/01\/2025)<\/span><\/li><li class=\"rank-math-html-sitemap__item\"><a href=\"https:\/\/avesgams.org\/producto\/taller-ales-nadal\/\" class=\"rank-math-html-sitemap__link\">Taller ALES NADAL<\/a> <span class=\"rank-math-html-sitemap__date\">(29\/10\/2024)<\/span><\/li><li class=\"rank-math-html-sitemap__item\"><a href=\"https:\/\/avesgams.org\/es\/producto\/artterapia\/\" class=\"rank-math-html-sitemap__link\">Art i dol<\/a> <span class=\"rank-math-html-sitemap__date\">(18\/04\/2024)<\/span><\/li><li class=\"rank-math-html-sitemap__item\"><a href=\"https:\/\/avesgams.org\/es\/producto\/artterapia\/\" class=\"rank-math-html-sitemap__link\">Arte y duelo<\/a> <span class=\"rank-math-html-sitemap__date\">(18\/04\/2024)<\/span><\/li><li class=\"rank-math-html-sitemap__item\"><a href=\"https:\/\/avesgams.org\/es\/producto\/grupo-de-filosofia-practica-y-espiritualidad\/\" class=\"rank-math-html-sitemap__link\">Grupo de filosof\u00eda pr\u00e1ctica y espiritualidad<\/a> <span class=\"rank-math-html-sitemap__date\">(20\/03\/2024)<\/span><\/li><\/ul><\/div><div class=\"rank-math-html-sitemap__section rank-math-html-sitemap__section--post-type rank-math-html-sitemap__section--dipi_testimonial\"><h2 class=\"rank-math-html-sitemap__title\">Testimonials<\/h2><ul class=\"rank-math-html-sitemap__list\"><li class=\"rank-math-html-sitemap__item\"><a href=\"https:\/\/avesgams.org\/dipi_testimonial\/loreto-29-09-2025\/\" class=\"rank-math-html-sitemap__link\">Loreto - 29\/09\/2025<\/a> <span class=\"rank-math-html-sitemap__date\">(29\/09\/2025)<\/span><\/li><li class=\"rank-math-html-sitemap__item\"><a href=\"https:\/\/avesgams.org\/dipi_testimonial\/cristina-padin-minaya-04-08-2025\/\" class=\"rank-math-html-sitemap__link\">Cristina Pad\u00edn Minaya - 04\/08\/2025<\/a> <span class=\"rank-math-html-sitemap__date\">(04\/08\/2025)<\/span><\/li><li class=\"rank-math-html-sitemap__item\"><a href=\"https:\/\/avesgams.org\/dipi_testimonial\/caty-lagae-31-07-2025\/\" class=\"rank-math-html-sitemap__link\">Caty Lagae - 31\/07\/2025<\/a> <span class=\"rank-math-html-sitemap__date\">(31\/07\/2025)<\/span><\/li><li class=\"rank-math-html-sitemap__item\"><a href=\"https:\/\/avesgams.org\/dipi_testimonial\/carlos-debon-esplugas-30-07-2025\/\" class=\"rank-math-html-sitemap__link\">Carlos Deb\u00f3n Esplugas - 30\/07\/2025<\/a> <span class=\"rank-math-html-sitemap__date\">(30\/07\/2025)<\/span><\/li><li class=\"rank-math-html-sitemap__item\"><a href=\"https:\/\/avesgams.org\/dipi_testimonial\/africa-30-07-2025\/\" class=\"rank-math-html-sitemap__link\">\u00c1frica - 30\/07\/2025<\/a> <span class=\"rank-math-html-sitemap__date\">(30\/07\/2025)<\/span><\/li><li class=\"rank-math-html-sitemap__item\"><a href=\"https:\/\/avesgams.org\/dipi_testimonial\/carol-sanchez-29-07-2025\/\" class=\"rank-math-html-sitemap__link\">Carol S\u00e1nchez - 29\/07\/2025<\/a> <span class=\"rank-math-html-sitemap__date\">(29\/07\/2025)<\/span><\/li><li class=\"rank-math-html-sitemap__item\"><a href=\"https:\/\/avesgams.org\/dipi_testimonial\/maria-rosa-29-07-2025\/\" class=\"rank-math-html-sitemap__link\">Maria Rosa - 29\/07\/2025<\/a> <span class=\"rank-math-html-sitemap__date\">(29\/07\/2025)<\/span><\/li><\/ul><\/div><div class=\"rank-math-html-sitemap__section rank-math-html-sitemap__section--post-type rank-math-html-sitemap__section--dipi_popup_maker\"><h2 class=\"rank-math-html-sitemap__title\">Popup Maker<\/h2><ul class=\"rank-math-html-sitemap__list\"><li class=\"rank-math-html-sitemap__item\"><a href=\"https:\/\/avesgams.org\/dipi_popup_maker\/formulari-formacio\/\" class=\"rank-math-html-sitemap__link\">Formulari formaci\u00f3<\/a> <span class=\"rank-math-html-sitemap__date\">(14\/04\/2026)<\/span><\/li><\/ul><\/div><div class=\"rank-math-html-sitemap__section rank-math-html-sitemap__section--post-type rank-math-html-sitemap__section--mec-events\"><h2 class=\"rank-math-html-sitemap__title\">Eventos<\/h2><ul class=\"rank-math-html-sitemap__list\"><li class=\"rank-math-html-sitemap__item\"><a href=\"https:\/\/avesgams.org\/events\/grup-de-lectura\/\" class=\"rank-math-html-sitemap__link\">Grup de lectura PILAR BAST\u00c9<\/a> <span class=\"rank-math-html-sitemap__date\">(08\/04\/2026)<\/span><\/li><li class=\"rank-math-html-sitemap__item\"><a href=\"https:\/\/avesgams.org\/events\/conviure-dol-eines-familiars\/\" class=\"rank-math-html-sitemap__link\">Conviure amb persones en dol: eines per a familiars<\/a> <span class=\"rank-math-html-sitemap__date\">(13\/03\/2026)<\/span><\/li><li class=\"rank-math-html-sitemap__item\"><a href=\"https:\/\/avesgams.org\/es\/events\/grupo-de-filosofia-practica-y-espiritualidad\/\" class=\"rank-math-html-sitemap__link\">GRUPO DE FILOSOFIA PR\u00c1CTICA Y ESPIRITUALIDAD<\/a> <span class=\"rank-math-html-sitemap__date\">(20\/01\/2025)<\/span><\/li><li class=\"rank-math-html-sitemap__item\"><a href=\"https:\/\/avesgams.org\/es\/events\/artterapia-en-el-duelo\/\" class=\"rank-math-html-sitemap__link\">ARTE y DUELO<\/a> <span class=\"rank-math-html-sitemap__date\">(09\/04\/2024)<\/span><\/li><li class=\"rank-math-html-sitemap__item\"><a href=\"https:\/\/avesgams.org\/es\/events\/artterapia-en-el-duelo\/\" class=\"rank-math-html-sitemap__link\">ART i DOL<\/a> <span class=\"rank-math-html-sitemap__date\">(28\/03\/2024)<\/span><\/li><li class=\"rank-math-html-sitemap__item\"><a href=\"https:\/\/avesgams.org\/es\/events\/introduccion-al-crecimiento\/\" class=\"rank-math-html-sitemap__link\">INTRODUCCI\u00d3N AL CRECIMIENTO<\/a> <span class=\"rank-math-html-sitemap__date\">(13\/03\/2024)<\/span><\/li><li class=\"rank-math-html-sitemap__item\"><a href=\"https:\/\/avesgams.org\/es\/events\/introduccion-al-crecimiento\/\" class=\"rank-math-html-sitemap__link\">INTRODUCCI\u00d3 AL CREIXEMENT<\/a> <span class=\"rank-math-html-sitemap__date\">(13\/03\/2024)<\/span><\/li><li class=\"rank-math-html-sitemap__item\"><a href=\"https:\/\/avesgams.org\/es\/events\/grupo-de-apoyo-emocional-para-familiares-y-amistades-de-personas-en-proceso-transicion-de-genero\/\" class=\"rank-math-html-sitemap__link\">GRUPO DE APOYO EMOCIONAL PARA FAMILIARES Y AMISTADES DE PERSONAS EN PROCESO TRANSICI\u00d3N DE G\u00c9NERO<\/a> <span class=\"rank-math-html-sitemap__date\">(14\/02\/2024)<\/span><\/li><li class=\"rank-math-html-sitemap__item\"><a href=\"https:\/\/avesgams.org\/es\/events\/grupo-de-apoyo-emocional-para-familiares-y-amistades-de-personas-en-proceso-transicion-de-genero\/\" class=\"rank-math-html-sitemap__link\">GRUP DE SUPORT EMOCIONAL PER A FAMILIARS I AMISTATS DE PERSONES EN PROC\u00c9S TRANSICI\u00d3 DE G\u00c8NERE<\/a> <span class=\"rank-math-html-sitemap__date\">(14\/02\/2024)<\/span><\/li><li class=\"rank-math-html-sitemap__item\"><a href=\"https:\/\/avesgams.org\/es\/events\/charla-informativa-online-del-taller-de-arteterapia-crisalida\/\" class=\"rank-math-html-sitemap__link\">CHARLA INFORMATIVA ONLINE DEL TALLER DE ARTETERAPIA: CRIS\u00c1LIDA.<\/a> <span class=\"rank-math-html-sitemap__date\">(02\/02\/2024)<\/span><\/li><li class=\"rank-math-html-sitemap__item\"><a href=\"https:\/\/avesgams.org\/es\/events\/charla-informativa-online-del-taller-de-arteterapia-crisalida\/\" class=\"rank-math-html-sitemap__link\">XERRADA INFORMATIVA ONLINE DEL TALLER D&#039;ARTTER\u00c0PIA: CRIS\u00c0LIDE<\/a> <span class=\"rank-math-html-sitemap__date\">(02\/02\/2024)<\/span><\/li><li class=\"rank-math-html-sitemap__item\"><a href=\"https:\/\/avesgams.org\/es\/events\/vivir-la-musica-con-la-voz\/\" class=\"rank-math-html-sitemap__link\">VIVIR LA M\u00daSICA\u2026 CON LA VOZ<\/a> <span class=\"rank-math-html-sitemap__date\">(10\/01\/2024)<\/span><\/li><li class=\"rank-math-html-sitemap__item\"><a href=\"https:\/\/avesgams.org\/es\/events\/grupos-de-apoyo-emocional-en-la-transicion-de-genero\/\" class=\"rank-math-html-sitemap__link\">GRUPO DE APOYO EMOCIONAL PARA PERSONAS EN PROCESO DE TRANSICI\u00d3N DE G\u00c9NERO<\/a> <span class=\"rank-math-html-sitemap__date\">(10\/01\/2024)<\/span><\/li><li class=\"rank-math-html-sitemap__item\"><a href=\"https:\/\/avesgams.org\/es\/events\/charla-la-navidad-en-duelo\/\" class=\"rank-math-html-sitemap__link\">CHARLA: LA NAVIDAD EN DUELO<\/a> <span class=\"rank-math-html-sitemap__date\">(10\/01\/2024)<\/span><\/li><li class=\"rank-math-html-sitemap__item\"><a href=\"https:\/\/avesgams.org\/es\/events\/grupos-de-apoyo-emocional-en-la-transicion-de-genero\/\" class=\"rank-math-html-sitemap__link\">GRUP DE SUPORT EMOCIONAL PER A PERSONES EN PROC\u00c9S DE TRANSICI\u00d3 DE G\u00c8NERE<\/a> <span class=\"rank-math-html-sitemap__date\">(04\/01\/2024)<\/span><\/li><li class=\"rank-math-html-sitemap__item\"><a href=\"https:\/\/avesgams.org\/es\/events\/grupo-de-filosofia-practica-y-espiritualidad\/\" class=\"rank-math-html-sitemap__link\">GRUP DE FILOSOFIA PR\u00c0CTICA I ESPIRITUALITAT<\/a> <span class=\"rank-math-html-sitemap__date\">(04\/01\/2024)<\/span><\/li><li class=\"rank-math-html-sitemap__item\"><a href=\"https:\/\/avesgams.org\/es\/events\/vivir-la-musica-con-la-voz\/\" class=\"rank-math-html-sitemap__link\">VIURE LA M\u00daSICA\u2026 AMB LA VEU<\/a> <span class=\"rank-math-html-sitemap__date\">(04\/01\/2024)<\/span><\/li><li class=\"rank-math-html-sitemap__item\"><a href=\"https:\/\/avesgams.org\/es\/events\/charla-la-navidad-en-duelo\/\" class=\"rank-math-html-sitemap__link\">XERRADA: EL NADAL EN DOL<\/a> <span class=\"rank-math-html-sitemap__date\">(04\/01\/2024)<\/span><\/li><li class=\"rank-math-html-sitemap__item\"><a href=\"https:\/\/avesgams.org\/es\/events\/curso-acompanamiento-a-la-persona-enferma-y-a-sus-familiares-en-el-contexto-hospitalario\/\" class=\"rank-math-html-sitemap__link\">CURSO: ACOMPA\u00d1AMIENTO A LA PERSONA ENFERMA Y A SUS FAMILIARES EN EL CONTEXTO HOSPITALARIO<\/a> <span class=\"rank-math-html-sitemap__date\">(14\/11\/2023)<\/span><\/li><li class=\"rank-math-html-sitemap__item\"><a href=\"https:\/\/avesgams.org\/es\/events\/charla-los-mitos-del-duelo\/\" class=\"rank-math-html-sitemap__link\">CHARLA: LOS MITOS DEL DUELO<\/a> <span class=\"rank-math-html-sitemap__date\">(14\/11\/2023)<\/span><\/li><li class=\"rank-math-html-sitemap__item\"><a href=\"https:\/\/avesgams.org\/es\/events\/taller-crisalide-nuestro-camino-de-duelo\/\" class=\"rank-math-html-sitemap__link\">TALLER DE ARTETERAPIA EN EL DUELO: CRIS\u00c1LIDA<\/a> <span class=\"rank-math-html-sitemap__date\">(14\/11\/2023)<\/span><\/li><li class=\"rank-math-html-sitemap__item\"><a href=\"https:\/\/avesgams.org\/es\/events\/inicio-nueva-edicion-formacion-aves-niveles-1-y-2\/\" class=\"rank-math-html-sitemap__link\">INICIO NUEVA EDICI\u00d3N FORMACI\u00d3N AVES (NIVELES 1 Y 2)<\/a> <span class=\"rank-math-html-sitemap__date\">(14\/11\/2023)<\/span><\/li><li class=\"rank-math-html-sitemap__item\"><a href=\"https:\/\/avesgams.org\/es\/events\/inicio-nivel-3-de-la-formacion-aves\/\" class=\"rank-math-html-sitemap__link\">INICIO NIVEL 3 DE LA FORMACI\u00d3N AVES<\/a> <span class=\"rank-math-html-sitemap__date\">(14\/11\/2023)<\/span><\/li><li class=\"rank-math-html-sitemap__item\"><a href=\"https:\/\/avesgams.org\/es\/events\/inicio-nueva-edicion-formacion-aves-niveles-1-y-2\/\" class=\"rank-math-html-sitemap__link\">INICI NOVA EDICI\u00d3 FORMACI\u00d3 AVES (NIVELLS 1 i 2)<\/a> <span class=\"rank-math-html-sitemap__date\">(14\/11\/2023)<\/span><\/li><li class=\"rank-math-html-sitemap__item\"><a href=\"https:\/\/avesgams.org\/es\/events\/inicio-nivel-3-de-la-formacion-aves\/\" class=\"rank-math-html-sitemap__link\">INICI NIVELL 3 DE LA FORMACI\u00d3 AVES<\/a> <span class=\"rank-math-html-sitemap__date\">(14\/11\/2023)<\/span><\/li><li class=\"rank-math-html-sitemap__item\"><a href=\"https:\/\/avesgams.org\/es\/events\/taller-crisalide-nuestro-camino-de-duelo\/\" class=\"rank-math-html-sitemap__link\">TALLER D&#039;ARTTER\u00c0PIA EN EL DOL: CRIS\u00c0LIDE<\/a> <span class=\"rank-math-html-sitemap__date\">(14\/11\/2023)<\/span><\/li><li class=\"rank-math-html-sitemap__item\"><a href=\"https:\/\/avesgams.org\/es\/events\/charla-los-mitos-del-duelo\/\" class=\"rank-math-html-sitemap__link\">XERRADA: ELS MITES DEL DOL<\/a> <span class=\"rank-math-html-sitemap__date\">(14\/11\/2023)<\/span><\/li><li class=\"rank-math-html-sitemap__item\"><a href=\"https:\/\/avesgams.org\/es\/events\/curso-acompanamiento-a-la-persona-enferma-y-a-sus-familiares-en-el-contexto-hospitalario\/\" class=\"rank-math-html-sitemap__link\">CURS: ACOMPANYAMENT A LA PERSONA MALALTA I ALS SEUS FAMILIARS EN EL CONTEXT HOSPITALARI<\/a> <span class=\"rank-math-html-sitemap__date\">(14\/11\/2023)<\/span><\/li><li class=\"rank-math-html-sitemap__item\"><a href=\"https:\/\/avesgams.org\/es\/events\/grupo-de-duelo-online-mes-de-agosto\/\" class=\"rank-math-html-sitemap__link\">GRUPO DE DUELO ONLINE MES DE AGOSTO<\/a> <span class=\"rank-math-html-sitemap__date\">(12\/07\/2023)<\/span><\/li><li class=\"rank-math-html-sitemap__item\"><a href=\"https:\/\/avesgams.org\/es\/events\/grupo-de-duelo-online-mes-de-agosto\/\" class=\"rank-math-html-sitemap__link\">GRUP DE DOL ONLINE MES D&#039;AGOST<\/a> <span class=\"rank-math-html-sitemap__date\">(12\/07\/2023)<\/span><\/li><li class=\"rank-math-html-sitemap__item\"><a href=\"https:\/\/avesgams.org\/es\/events\/acuarelas-con-amor\/\" class=\"rank-math-html-sitemap__link\">ACUARELAS CON AMOR<\/a> <span class=\"rank-math-html-sitemap__date\">(10\/07\/2023)<\/span><\/li><li class=\"rank-math-html-sitemap__item\"><a href=\"https:\/\/avesgams.org\/es\/events\/acuarelas-con-amor\/\" class=\"rank-math-html-sitemap__link\">AQUAREL\u00b7LES AMB AMOR<\/a> <span class=\"rank-math-html-sitemap__date\">(10\/07\/2023)<\/span><\/li><li class=\"rank-math-html-sitemap__item\"><a href=\"https:\/\/avesgams.org\/es\/events\/presentacion-y-conversacion-abierta-amor-infinito\/\" class=\"rank-math-html-sitemap__link\">PRESENTACI\u00d3N Y CONVERSACI\u00d3N ABIERTA: AMOR INFINITO<\/a> <span class=\"rank-math-html-sitemap__date\">(28\/04\/2023)<\/span><\/li><li class=\"rank-math-html-sitemap__item\"><a href=\"https:\/\/avesgams.org\/es\/events\/presentacion-y-conversacion-abierta-amor-infinito\/\" class=\"rank-math-html-sitemap__link\">PRESENTACI\u00d3 I CONVERSA OBERTA: L&#039;AMOR INFINIT<\/a> <span class=\"rank-math-html-sitemap__date\">(28\/04\/2023)<\/span><\/li><li class=\"rank-math-html-sitemap__item\"><a href=\"https:\/\/avesgams.org\/es\/events\/taller-el-arte-de-sentir\/\" class=\"rank-math-html-sitemap__link\">TALLER: EL ARTE DE SENTIR<\/a> <span class=\"rank-math-html-sitemap__date\">(04\/04\/2023)<\/span><\/li><li class=\"rank-math-html-sitemap__item\"><a href=\"https:\/\/avesgams.org\/es\/events\/charla-informativa-el-arte-de-sentir\/\" class=\"rank-math-html-sitemap__link\">CHARLA INFORMATIVA: EL ARTE DE SENTIR<\/a> <span class=\"rank-math-html-sitemap__date\">(04\/04\/2023)<\/span><\/li><li class=\"rank-math-html-sitemap__item\"><a href=\"https:\/\/avesgams.org\/es\/events\/gam-para-personas-que-vivimos-un-proceso-de-enfermedad-cronica-o-con-secuelas\/\" class=\"rank-math-html-sitemap__link\">GAM PARA PERSONAS QUE VIVIMOS UN PROCESO DE ENFERMEDAD CR\u00d3NICA, ESTABILIZADA O CON SECUELAS<\/a> <span class=\"rank-math-html-sitemap__date\">(04\/04\/2023)<\/span><\/li><li class=\"rank-math-html-sitemap__item\"><a href=\"https:\/\/avesgams.org\/es\/events\/taller-el-arte-de-sentir\/\" class=\"rank-math-html-sitemap__link\">TALLER: L&#039;ART DE SENTIR<\/a> <span class=\"rank-math-html-sitemap__date\">(04\/04\/2023)<\/span><\/li><li class=\"rank-math-html-sitemap__item\"><a href=\"https:\/\/avesgams.org\/es\/events\/charla-informativa-el-arte-de-sentir\/\" class=\"rank-math-html-sitemap__link\">XERRADA INFORMATIVA: L&#039;ART DE SENTIR<\/a> <span class=\"rank-math-html-sitemap__date\">(04\/04\/2023)<\/span><\/li><li class=\"rank-math-html-sitemap__item\"><a href=\"https:\/\/avesgams.org\/es\/events\/gam-para-personas-que-vivimos-un-proceso-de-enfermedad-cronica-o-con-secuelas\/\" class=\"rank-math-html-sitemap__link\">GAM PER A PERSONES QUE VIVIM UN PROC\u00c9S DE MALALTIA CR\u00d2NICA, ESTABILITZADA O AMB SEQ\u00dcELES<\/a> <span class=\"rank-math-html-sitemap__date\">(04\/04\/2023)<\/span><\/li><li class=\"rank-math-html-sitemap__item\"><a href=\"https:\/\/avesgams.org\/es\/events\/grupo-ludico\/\" class=\"rank-math-html-sitemap__link\">GRUPO L\u00daDICO<\/a> <span class=\"rank-math-html-sitemap__date\">(16\/01\/2023)<\/span><\/li><li class=\"rank-math-html-sitemap__item\"><a href=\"https:\/\/avesgams.org\/es\/events\/grupo-de-consciencia\/\" class=\"rank-math-html-sitemap__link\">GRUPO DE CONSCIENCIA<\/a> <span class=\"rank-math-html-sitemap__date\">(16\/01\/2023)<\/span><\/li><li class=\"rank-math-html-sitemap__item\"><a href=\"https:\/\/avesgams.org\/es\/events\/grupo-de-aprendizaje-vital\/\" class=\"rank-math-html-sitemap__link\">GRUPO DE BIOGRAF\u00cdA, AMA LA VIDA<\/a> <span class=\"rank-math-html-sitemap__date\">(16\/01\/2023)<\/span><\/li><li class=\"rank-math-html-sitemap__item\"><a href=\"https:\/\/avesgams.org\/es\/events\/meditacion-online-un-espacio-para-cultivar-la-felicidad\/\" class=\"rank-math-html-sitemap__link\">MEDITACI\u00d3N<\/a> <span class=\"rank-math-html-sitemap__date\">(16\/01\/2023)<\/span><\/li><li class=\"rank-math-html-sitemap__item\"><a href=\"https:\/\/avesgams.org\/es\/events\/taller-de-gestion-del-estres-i-evolucion-personal\/\" class=\"rank-math-html-sitemap__link\">TALLER DE GESTI\u00d3N DEL ESTR\u00c9S Y EVOLUCI\u00d3N PERSONAL<\/a> <span class=\"rank-math-html-sitemap__date\">(22\/12\/2022)<\/span><\/li><li class=\"rank-math-html-sitemap__item\"><a href=\"https:\/\/avesgams.org\/es\/events\/taller-de-gestion-del-estres-i-evolucion-personal\/\" class=\"rank-math-html-sitemap__link\">TALLER DE GESTI\u00d3 DE L&#039;ESTR\u00c9S I EVOLUCI\u00d3 PERSONAL<\/a> <span class=\"rank-math-html-sitemap__date\">(22\/12\/2022)<\/span><\/li><li class=\"rank-math-html-sitemap__item\"><a href=\"https:\/\/avesgams.org\/es\/events\/taller-de-musicoterapia-en-el-duelo\/\" class=\"rank-math-html-sitemap__link\">MUSICOTERAPIA EN EL DUELO<\/a> <span class=\"rank-math-html-sitemap__date\">(16\/12\/2022)<\/span><\/li><li class=\"rank-math-html-sitemap__item\"><a href=\"https:\/\/avesgams.org\/es\/events\/taller-de-musicoterapia-en-el-duelo\/\" class=\"rank-math-html-sitemap__link\">MUSICOTER\u00c0PIA EN EL DOL<\/a> <span class=\"rank-math-html-sitemap__date\">(16\/12\/2022)<\/span><\/li><li class=\"rank-math-html-sitemap__item\"><a href=\"https:\/\/avesgams.org\/es\/events\/grupo-de-aprendizaje-vital\/\" class=\"rank-math-html-sitemap__link\">GRUP DE BIOGRAFIA, ESTIMA LA VIDA<\/a> <span class=\"rank-math-html-sitemap__date\">(26\/10\/2022)<\/span><\/li><li class=\"rank-math-html-sitemap__item\"><a href=\"https:\/\/avesgams.org\/es\/events\/taller-ales\/\" class=\"rank-math-html-sitemap__link\">Taller ALAS NAVIDAD<\/a> <span class=\"rank-math-html-sitemap__date\">(26\/10\/2022)<\/span><\/li><li class=\"rank-math-html-sitemap__item\"><a href=\"https:\/\/avesgams.org\/es\/events\/taller-ales\/\" class=\"rank-math-html-sitemap__link\">Taller ALES NADAL<\/a> <span class=\"rank-math-html-sitemap__date\">(26\/10\/2022)<\/span><\/li><li class=\"rank-math-html-sitemap__item\"><a href=\"https:\/\/avesgams.org\/es\/events\/gam-para-personas-familiares-cuidadoras\/\" class=\"rank-math-html-sitemap__link\">GAM PARA PERSONAS FAMILIARES CUIDADORAS<\/a> <span class=\"rank-math-html-sitemap__date\">(20\/09\/2022)<\/span><\/li><li class=\"rank-math-html-sitemap__item\"><a href=\"https:\/\/avesgams.org\/es\/events\/gam-para-personas-familiares-cuidadoras\/\" class=\"rank-math-html-sitemap__link\">GAM PER A PERSONES FAMILIARS CUIDADORES<\/a> <span class=\"rank-math-html-sitemap__date\">(09\/09\/2022)<\/span><\/li><li class=\"rank-math-html-sitemap__item\"><a href=\"https:\/\/avesgams.org\/es\/events\/grupo-de-consciencia\/\" class=\"rank-math-html-sitemap__link\">GRUP DE CONSCI\u00c8NCIA<\/a> <span class=\"rank-math-html-sitemap__date\">(13\/07\/2022)<\/span><\/li><li class=\"rank-math-html-sitemap__item\"><a href=\"https:\/\/avesgams.org\/es\/events\/grup-creixement-2a-fase-de-dol\/\" class=\"rank-math-html-sitemap__link\">GRUP DE CREIXEMENT PERSONAL<\/a> <span class=\"rank-math-html-sitemap__date\">(06\/07\/2022)<\/span><\/li><li class=\"rank-math-html-sitemap__item\"><a href=\"https:\/\/avesgams.org\/es\/events\/grup-creixement-2a-fase-de-dol\/\" class=\"rank-math-html-sitemap__link\">GRUPO DE CRECIMIENTO PERSONAL<\/a> <span class=\"rank-math-html-sitemap__date\">(06\/07\/2022)<\/span><\/li><li class=\"rank-math-html-sitemap__item\"><a href=\"https:\/\/avesgams.org\/es\/events\/taller-de-elaboracion-emocional-segun-el-metodo-de-elisabeth-kubler-ross\/\" class=\"rank-math-html-sitemap__link\">TALLER DE ELABORACI\u00d3N EMOCIONAL SEG\u00daN EL M\u00c9TODO DE ELISABETH K\u00dcBLER-ROSS<\/a> <span class=\"rank-math-html-sitemap__date\">(02\/06\/2022)<\/span><\/li><li class=\"rank-math-html-sitemap__item\"><a href=\"https:\/\/avesgams.org\/es\/events\/taller-de-suenos\/\" class=\"rank-math-html-sitemap__link\">GRUPO DE EXPLORACI\u00d3N DE LOS SUE\u00d1OS<\/a> <span class=\"rank-math-html-sitemap__date\">(02\/06\/2022)<\/span><\/li><li class=\"rank-math-html-sitemap__item\"><a href=\"https:\/\/avesgams.org\/es\/events\/grupo-ludico\/\" class=\"rank-math-html-sitemap__link\">GRUP L\u00daDIC<\/a> <span class=\"rank-math-html-sitemap__date\">(23\/05\/2022)<\/span><\/li><li class=\"rank-math-html-sitemap__item\"><a href=\"https:\/\/avesgams.org\/es\/events\/meditacion-online-un-espacio-para-cultivar-la-felicidad\/\" class=\"rank-math-html-sitemap__link\">MEDITACI\u00d3<\/a> <span class=\"rank-math-html-sitemap__date\">(23\/05\/2022)<\/span><\/li><li class=\"rank-math-html-sitemap__item\"><a href=\"https:\/\/avesgams.org\/es\/events\/taller-de-suenos\/\" class=\"rank-math-html-sitemap__link\">GRUP D&#039;EXPLORACI\u00d3 DELS SOMNIS<\/a> <span class=\"rank-math-html-sitemap__date\">(23\/05\/2022)<\/span><\/li><li class=\"rank-math-html-sitemap__item\"><a href=\"https:\/\/avesgams.org\/es\/events\/taller-de-elaboracion-emocional-segun-el-metodo-de-elisabeth-kubler-ross\/\" class=\"rank-math-html-sitemap__link\">TALLER D&#039;ELABORACI\u00d3 EMOCIONAL SEGONS EL M\u00c8TODE D&#039;ELISABETH K\u00dcBLER-ROSS<\/a> <span class=\"rank-math-html-sitemap__date\">(05\/05\/2022)<\/span><\/li><\/ul><\/div><div class=\"rank-math-html-sitemap__section rank-math-html-sitemap__section--taxonomy rank-math-html-sitemap__section--category\"><h2 class=\"rank-math-html-sitemap__title\">Categor\u00edas<\/h2><ul class=\"rank-math-html-sitemap__list\"><li class=\"rank-math-html-sitemap__item\"><a href=\"https:\/\/avesgams.org\/es\/category\/eventos\/\" class=\"rank-math-html-sitemap__link\">Eventos<\/a><\/li><li class=\"rank-math-html-sitemap__item\"><a href=\"https:\/\/avesgams.org\/es\/category\/formacion\/\" class=\"rank-math-html-sitemap__link\">Formaci\u00f3n<\/a><\/li><li class=\"rank-math-html-sitemap__item\"><a href=\"https:\/\/avesgams.org\/es\/category\/gams-es\/\" class=\"rank-math-html-sitemap__link\">GAMS<\/a><\/li><li class=\"rank-math-html-sitemap__item\"><a href=\"https:\/\/avesgams.org\/es\/category\/talleres-escolares\/\" class=\"rank-math-html-sitemap__link\">Talleres escolares<\/a><\/li><\/ul><\/div><\/div><\/p>\n","protected":false},"author":1,"featured_media":0,"parent":0,"menu_order":0,"comment_status":"closed","ping_status":"closed","template":"","meta":{"_et_pb_use_builder":"on","_et_pb_old_content":"","_et_gb_content_width":"","footnotes":""},"dipi_cpt_category":[],"class_list":["post-9887","page","type-page","status-publish","hentry"],"_links":{"self":[{"href":"https:\/\/avesgams.org\/es\/wp-json\/wp\/v2\/pages\/9887","targetHints":{"allow":["GET"]}}],"collection":[{"href":"https:\/\/avesgams.org\/es\/wp-json\/wp\/v2\/pages"}],"about":[{"href":"https:\/\/avesgams.org\/es\/wp-json\/wp\/v2\/types\/page"}],"author":[{"embeddable":true,"href":"https:\/\/avesgams.org\/es\/wp-json\/wp\/v2\/users\/1"}],"replies":[{"embeddable":true,"href":"https:\/\/avesgams.org\/es\/wp-json\/wp\/v2\/comments?post=9887"}],"version-history":[{"count":5,"href":"https:\/\/avesgams.org\/es\/wp-json\/wp\/v2\/pages\/9887\/revisions"}],"predecessor-version":[{"id":9892,"href":"https:\/\/avesgams.org\/es\/wp-json\/wp\/v2\/pages\/9887\/revisions\/9892"}],"wp:attachment":[{"href":"https:\/\/avesgams.org\/es\/wp-json\/wp\/v2\/media?parent=9887"}],"wp:term":[{"taxonomy":"dipi_cpt_category","embeddable":true,"href":"https:\/\/avesgams.org\/es\/wp-json\/wp\/v2\/dipi_cpt_category?post=9887"}],"curies":[{"name":"wp","href":"https:\/\/api.w.org\/{rel}","templated":true}]}}