{"id":3794,"date":"2022-10-26T10:22:20","date_gmt":"2022-10-26T10:22:20","guid":{"rendered":"https:\/\/avesgams.org\/events\/taller-ales\/"},"modified":"2024-10-31T11:03:22","modified_gmt":"2024-10-31T11:03:22","slug":"taller-ales","status":"publish","type":"mec-events","link":"https:\/\/avesgams.org\/es\/events\/taller-ales\/","title":{"rendered":"Taller ALAS NAVIDAD"},"content":{"rendered":"<blockquote><p><strong>Las luces de colores en la calle, los villancicos, las comidas familiares, los encuentros con amigos y amigas, el Fin de a\u00f1o&#8230;<\/strong><strong>Todo esto puede ser muy dif\u00edcil de sostener cuando estamos en un proceso de duelo.<\/strong><\/p>\n<p><strong>Te proponemos un encuentro \u00fanico y creativo para afrontar la ausencia del ser querido durante las fiestas navide\u00f1as. Exploraremos las maneras de atravesar este periodo con m\u00e1s serenidad y sosiego, buscaremos la celebraci\u00f3n que te conviene y el ritual que tiene sentido para ti. <\/strong><\/p><\/blockquote>\n<h4><strong>ESTE TALLER PUEDE SER PARA TI SI&#8230;<\/strong><\/h4>\n<ol>\n<li>Quieres recordar el ser querido que ha muerto con una <strong>acci\u00f3n creativa especial<\/strong>.<\/li>\n<li>Quieres trazar un <strong>plan pr\u00e1ctico<\/strong> para transitar con m\u00e1s confianza y menos angustia las fiestas navide\u00f1as que ya se aproximan.<\/li>\n<li>Quieres potenciar el <strong>auto-cuidado<\/strong> y prepararte interiormente para afrontar el periodo de fiestas navide\u00f1as.<\/li>\n<\/ol>\n<h4><\/h4>\n<h4><strong>VALORES<\/strong><\/h4>\n<ul>\n<li>Te acompa\u00f1amos desde el cuidado, el respeto y la absoluta confidencialidad.<\/li>\n<li>Te ofrecemos un ambiente \u00edntimo y acogedor en el que podr\u00e1s compartir tu experiencia y sentimientos mientras cuentas con el apoyo del grupo<b>.<\/b><\/li>\n<\/ul>\n<h4><\/h4>\n<h4><span style=\"color: #333333\"><strong>METODOLOG\u00cdA<\/strong><\/span><\/h4>\n<ul>\n<li>El <span style=\"color: #339966\"><strong>Arte<\/strong><\/span> nos permite expresar con color, formas, voz y movimiento aquello que no podemos decir simplemente con palabras.<\/li>\n<li>La <span style=\"color: #339966\"><strong>meditaci\u00f3n<\/strong><\/span> nos ayuda a acoger y a observar nuestras emociones sin juicios.<\/li>\n<li>El <span style=\"color: #339966\"><strong>ritual<\/strong><\/span> en forma de experiencia creativa grupal, facilita la despedida, el perd\u00f3n y el agradecimiento.<\/li>\n<\/ul>\n<h2><\/h2>\n<h4>FECHA Y HORARIO<\/h4>\n<p><em><strong>S\u00e1bado 30 de noviembre 10h a 18h<\/strong><\/em><\/p>\n<h4>APORTACI\u00d3N<\/h4>\n<p><span class=\"hiddenGrammarError\"><b>\u2192 80<\/b><strong>\u20ac<\/strong> <strong><em>(material incluido) <\/em><\/strong> <\/span><\/p>\n<p>20% descuento para personas usuarias de AVES<\/p>\n<h4>INSCRIPCIONES<\/h4>\n<p>A trav\u00e9s de este enlace: <a href=\"https:\/\/avesgams.org\/producto\/taller-ales-nadal\/\">https:\/\/avesgams.org\/producto\/taller-ales-nadal\/<\/a><\/p>\n<h4>FACILITADORAS<\/h4>\n<p><a href=\"https:\/\/fentcercle.com\/\" target=\"_blank\" rel=\"noopener\">Fent cercle<\/a><\/p>\n","protected":false},"excerpt":{"rendered":"<p>Las luces de colores en la calle, los villancicos, las comidas familiares, los encuentros con amigos y amigas, el Fin de a\u00f1o&#8230;Todo esto puede ser muy dif\u00edcil de sostener cuando estamos en un proceso de duelo. Te proponemos un encuentro \u00fanico y creativo para afrontar la ausencia del ser querido durante las fiestas navide\u00f1as. Exploraremos [&hellip;]<\/p>\n","protected":false},"author":2,"featured_media":6649,"comment_status":"open","ping_status":"closed","template":"","tags":[],"mec_category":[128,142],"class_list":["post-3794","mec-events","type-mec-events","status-publish","has-post-thumbnail","hentry","mec_category-actividades","mec_category-talleres"],"_links":{"self":[{"href":"https:\/\/avesgams.org\/es\/wp-json\/wp\/v2\/mec-events\/3794","targetHints":{"allow":["GET"]}}],"collection":[{"href":"https:\/\/avesgams.org\/es\/wp-json\/wp\/v2\/mec-events"}],"about":[{"href":"https:\/\/avesgams.org\/es\/wp-json\/wp\/v2\/types\/mec-events"}],"author":[{"embeddable":true,"href":"https:\/\/avesgams.org\/es\/wp-json\/wp\/v2\/users\/2"}],"replies":[{"embeddable":true,"href":"https:\/\/avesgams.org\/es\/wp-json\/wp\/v2\/comments?post=3794"}],"wp:featuredmedia":[{"embeddable":true,"href":"https:\/\/avesgams.org\/es\/wp-json\/wp\/v2\/media\/6649"}],"wp:attachment":[{"href":"https:\/\/avesgams.org\/es\/wp-json\/wp\/v2\/media?parent=3794"}],"wp:term":[{"taxonomy":"post_tag","embeddable":true,"href":"https:\/\/avesgams.org\/es\/wp-json\/wp\/v2\/tags?post=3794"},{"taxonomy":"mec_category","embeddable":true,"href":"https:\/\/avesgams.org\/es\/wp-json\/wp\/v2\/mec_category?post=3794"}],"curies":[{"name":"wp","href":"https:\/\/api.w.org\/{rel}","templated":true}]}}